{"version":"1.0","provider_name":"Mi Ciudad","provider_url":"https:\/\/www.miciudad.mx\/contenido","author_name":"David Uriarte","author_url":"https:\/\/www.miciudad.mx\/contenido\/author\/daviduriarte\/","title":"20 de mayo, D\u00eda del Psic\u00f3logo en M\u00e9xico\u00a0\u00a0\u00a0 - Mi Ciudad","type":"rich","width":600,"height":338,"html":"<blockquote class=\"wp-embedded-content\" data-secret=\"hd8nCmoX1k\"><a href=\"https:\/\/www.miciudad.mx\/contenido\/20-de-mayo-dia-del-psicologo-en-mexico\/\">20 de mayo, D\u00eda del Psic\u00f3logo en M\u00e9xico\u00a0\u00a0\u00a0<\/a><\/blockquote><iframe sandbox=\"allow-scripts\" security=\"restricted\" src=\"https:\/\/www.miciudad.mx\/contenido\/20-de-mayo-dia-del-psicologo-en-mexico\/embed\/#?secret=hd8nCmoX1k\" width=\"600\" height=\"338\" title=\"&#8220;20 de mayo, D\u00eda del Psic\u00f3logo en M\u00e9xico\u00a0\u00a0\u00a0&#8221; &#8212; Mi Ciudad\" data-secret=\"hd8nCmoX1k\" frameborder=\"0\" marginwidth=\"0\" marginheight=\"0\" scrolling=\"no\" class=\"wp-embedded-content\"><\/iframe><script type=\"text\/javascript\">\n\/* <![CDATA[ *\/\n\/*! This file is auto-generated *\/\n!function(d,l){\"use strict\";l.querySelector&&d.addEventListener&&\"undefined\"!=typeof URL&&(d.wp=d.wp||{},d.wp.receiveEmbedMessage||(d.wp.receiveEmbedMessage=function(e){var t=e.data;if((t||t.secret||t.message||t.value)&&!\/[^a-zA-Z0-9]\/.test(t.secret)){for(var s,r,n,a=l.querySelectorAll('iframe[data-secret=\"'+t.secret+'\"]'),o=l.querySelectorAll('blockquote[data-secret=\"'+t.secret+'\"]'),c=new RegExp(\"^https?:$\",\"i\"),i=0;i<o.length;i++)o[i].style.display=\"none\";for(i=0;i<a.length;i++)s=a[i],e.source===s.contentWindow&&(s.removeAttribute(\"style\"),\"height\"===t.message?(1e3<(r=parseInt(t.value,10))?r=1e3:~~r<200&&(r=200),s.height=r):\"link\"===t.message&&(r=new URL(s.getAttribute(\"src\")),n=new URL(t.value),c.test(n.protocol))&&n.host===r.host&&l.activeElement===s&&(d.top.location.href=t.value))}},d.addEventListener(\"message\",d.wp.receiveEmbedMessage,!1),l.addEventListener(\"DOMContentLoaded\",function(){for(var e,t,s=l.querySelectorAll(\"iframe.wp-embedded-content\"),r=0;r<s.length;r++)(t=(e=s[r]).getAttribute(\"data-secret\"))||(t=Math.random().toString(36).substring(2,12),e.src+=\"#?secret=\"+t,e.setAttribute(\"data-secret\",t)),e.contentWindow.postMessage({message:\"ready\",secret:t},\"*\")},!1)))}(window,document);\n\/\/# sourceURL=https:\/\/www.miciudad.mx\/contenido\/wp-includes\/js\/wp-embed.min.js\n\/* ]]> *\/\n<\/script>\n","thumbnail_url":"https:\/\/www.miciudad.mx\/contenido\/wp-content\/uploads\/2025\/05\/atencion-mental.jpg","thumbnail_width":800,"thumbnail_height":531,"description":"Por David Uriarte \/\u00a0\u00a0\u00a0\u00a0\u00a0\u00a0\u00a0\u00a0 Una de las tareas cuyo entendimiento social le queda a deber, es la salud mental, espec\u00edficamente el desempe\u00f1o profesional del psic\u00f3logo. Desde la sublimaci\u00f3n hasta la devaluaci\u00f3n, es el espectro que recorren las creencias de muchas personas, desde la ignorancia hasta la dimensi\u00f3n precisa, las opiniones se distribuyen poniendo en evidencia [&hellip;]"}