{"version":"1.0","provider_name":"Mi Ciudad","provider_url":"https:\/\/www.miciudad.mx\/contenido","author_name":"Mi Ciudad","author_url":"https:\/\/www.miciudad.mx\/contenido\/author\/admin\/","title":"Alertan por riesgos a la salud por sedentarismo - Mi Ciudad","type":"rich","width":600,"height":338,"html":"<blockquote class=\"wp-embedded-content\" data-secret=\"yWQBtfKD4V\"><a href=\"https:\/\/www.miciudad.mx\/contenido\/alertan-por-riesgos-a-la-salud-por-sedentarismo\/\">Alertan por riesgos a la salud por sedentarismo<\/a><\/blockquote><iframe sandbox=\"allow-scripts\" security=\"restricted\" src=\"https:\/\/www.miciudad.mx\/contenido\/alertan-por-riesgos-a-la-salud-por-sedentarismo\/embed\/#?secret=yWQBtfKD4V\" width=\"600\" height=\"338\" title=\"&#8220;Alertan por riesgos a la salud por sedentarismo&#8221; &#8212; Mi Ciudad\" data-secret=\"yWQBtfKD4V\" frameborder=\"0\" marginwidth=\"0\" marginheight=\"0\" scrolling=\"no\" class=\"wp-embedded-content\"><\/iframe><script type=\"text\/javascript\">\n\/* <![CDATA[ *\/\n\/*! This file is auto-generated *\/\n!function(d,l){\"use strict\";l.querySelector&&d.addEventListener&&\"undefined\"!=typeof URL&&(d.wp=d.wp||{},d.wp.receiveEmbedMessage||(d.wp.receiveEmbedMessage=function(e){var t=e.data;if((t||t.secret||t.message||t.value)&&!\/[^a-zA-Z0-9]\/.test(t.secret)){for(var s,r,n,a=l.querySelectorAll('iframe[data-secret=\"'+t.secret+'\"]'),o=l.querySelectorAll('blockquote[data-secret=\"'+t.secret+'\"]'),c=new RegExp(\"^https?:$\",\"i\"),i=0;i<o.length;i++)o[i].style.display=\"none\";for(i=0;i<a.length;i++)s=a[i],e.source===s.contentWindow&&(s.removeAttribute(\"style\"),\"height\"===t.message?(1e3<(r=parseInt(t.value,10))?r=1e3:~~r<200&&(r=200),s.height=r):\"link\"===t.message&&(r=new URL(s.getAttribute(\"src\")),n=new URL(t.value),c.test(n.protocol))&&n.host===r.host&&l.activeElement===s&&(d.top.location.href=t.value))}},d.addEventListener(\"message\",d.wp.receiveEmbedMessage,!1),l.addEventListener(\"DOMContentLoaded\",function(){for(var e,t,s=l.querySelectorAll(\"iframe.wp-embedded-content\"),r=0;r<s.length;r++)(t=(e=s[r]).getAttribute(\"data-secret\"))||(t=Math.random().toString(36).substring(2,12),e.src+=\"#?secret=\"+t,e.setAttribute(\"data-secret\",t)),e.contentWindow.postMessage({message:\"ready\",secret:t},\"*\")},!1)))}(window,document);\n\/\/# sourceURL=https:\/\/www.miciudad.mx\/contenido\/wp-includes\/js\/wp-embed.min.js\n\/* ]]> *\/\n<\/script>\n","thumbnail_url":"https:\/\/www.miciudad.mx\/contenido\/wp-content\/uploads\/2020\/09\/WhatsApp-Image-2020-09-07-at-1.04.08-PM.jpeg","thumbnail_width":1280,"thumbnail_height":719,"description":"Dolores de manos y el denominado\u00a0test neck\u00a0o dolor de cuello por \u201ctextear\u201d, los m\u00e1s comunes La\u00a0actividad f\u00edsica es determinante para tener una salud integral, asever\u00f3 Mauricio Ravelo, de la ENES unidad Le\u00f3n Lesiones en los m\u00fasculos, huesos, articulaciones, tendones, afectaciones al sistema cardiorrespiratorio y a algunos procesos cognitivos, son problemas ocasionados por el sedentarismo, advirti\u00f3 [&hellip;]"}