{"version":"1.0","provider_name":"Mi Ciudad","provider_url":"https:\/\/www.miciudad.mx\/contenido","author_name":"Mi Ciudad","author_url":"https:\/\/www.miciudad.mx\/contenido\/author\/admin\/","title":"Cerrar\u00e1n el Tepozteco por los siguientes 5 a\u00f1os - Mi Ciudad","type":"rich","width":600,"height":338,"html":"<blockquote class=\"wp-embedded-content\" data-secret=\"NnjeZj1Ck9\"><a href=\"https:\/\/www.miciudad.mx\/contenido\/cerraran-el-tepozteco-por-los-siguientes-5-anos\/\">Cerrar\u00e1n el Tepozteco por los siguientes 5 a\u00f1os<\/a><\/blockquote><iframe sandbox=\"allow-scripts\" security=\"restricted\" src=\"https:\/\/www.miciudad.mx\/contenido\/cerraran-el-tepozteco-por-los-siguientes-5-anos\/embed\/#?secret=NnjeZj1Ck9\" width=\"600\" height=\"338\" title=\"&#8220;Cerrar\u00e1n el Tepozteco por los siguientes 5 a\u00f1os&#8221; &#8212; Mi Ciudad\" data-secret=\"NnjeZj1Ck9\" frameborder=\"0\" marginwidth=\"0\" marginheight=\"0\" scrolling=\"no\" class=\"wp-embedded-content\"><\/iframe><script type=\"text\/javascript\">\n\/* <![CDATA[ *\/\n\/*! This file is auto-generated *\/\n!function(d,l){\"use strict\";l.querySelector&&d.addEventListener&&\"undefined\"!=typeof URL&&(d.wp=d.wp||{},d.wp.receiveEmbedMessage||(d.wp.receiveEmbedMessage=function(e){var t=e.data;if((t||t.secret||t.message||t.value)&&!\/[^a-zA-Z0-9]\/.test(t.secret)){for(var s,r,n,a=l.querySelectorAll('iframe[data-secret=\"'+t.secret+'\"]'),o=l.querySelectorAll('blockquote[data-secret=\"'+t.secret+'\"]'),c=new RegExp(\"^https?:$\",\"i\"),i=0;i<o.length;i++)o[i].style.display=\"none\";for(i=0;i<a.length;i++)s=a[i],e.source===s.contentWindow&&(s.removeAttribute(\"style\"),\"height\"===t.message?(1e3<(r=parseInt(t.value,10))?r=1e3:~~r<200&&(r=200),s.height=r):\"link\"===t.message&&(r=new URL(s.getAttribute(\"src\")),n=new URL(t.value),c.test(n.protocol))&&n.host===r.host&&l.activeElement===s&&(d.top.location.href=t.value))}},d.addEventListener(\"message\",d.wp.receiveEmbedMessage,!1),l.addEventListener(\"DOMContentLoaded\",function(){for(var e,t,s=l.querySelectorAll(\"iframe.wp-embedded-content\"),r=0;r<s.length;r++)(t=(e=s[r]).getAttribute(\"data-secret\"))||(t=Math.random().toString(36).substring(2,12),e.src+=\"#?secret=\"+t,e.setAttribute(\"data-secret\",t)),e.contentWindow.postMessage({message:\"ready\",secret:t},\"*\")},!1)))}(window,document);\n\/\/# sourceURL=https:\/\/www.miciudad.mx\/contenido\/wp-includes\/js\/wp-embed.min.js\n\/* ]]> *\/\n<\/script>\n","thumbnail_url":"https:\/\/www.miciudad.mx\/contenido\/wp-content\/uploads\/2022\/03\/cerro-tepozteco.jpg","thumbnail_width":1276,"thumbnail_height":762,"description":"Luego del incendio provocado en la\u00a0reserva ecol\u00f3gica del Tepozteco, autoridades establecieron una veda en el cerro, por lo que\u00a0en los pr\u00f3ximos cinco a\u00f1os no se podr\u00e1 ingresar\u00a0a los senderos hasta que el lugar se recupere. &#8220;Si bien es cierto ahorita acabamos de sufrir una situaci\u00f3n, un crimen hac\u00eda el bosque y el bosque se encuentra [&hellip;]"}