{"version":"1.0","provider_name":"Mi Ciudad","provider_url":"https:\/\/www.miciudad.mx\/contenido","author_name":"Mi Ciudad Culiac\u00e1n","author_url":"https:\/\/www.miciudad.mx\/contenido\/author\/redaccionmiciudad\/","title":"Cierra PAS el a\u00f1o con bicicleteada Culiac\u00e1n-Imala - Mi Ciudad","type":"rich","width":600,"height":338,"html":"<blockquote class=\"wp-embedded-content\" data-secret=\"EtfAeMqcJL\"><a href=\"https:\/\/www.miciudad.mx\/contenido\/cierra-pas-el-ano-con-bicicleteada-culiacan-imala\/\">Cierra PAS el a\u00f1o con bicicleteada Culiac\u00e1n-Imala<\/a><\/blockquote><iframe sandbox=\"allow-scripts\" security=\"restricted\" src=\"https:\/\/www.miciudad.mx\/contenido\/cierra-pas-el-ano-con-bicicleteada-culiacan-imala\/embed\/#?secret=EtfAeMqcJL\" width=\"600\" height=\"338\" title=\"&#8220;Cierra PAS el a\u00f1o con bicicleteada Culiac\u00e1n-Imala&#8221; &#8212; Mi Ciudad\" data-secret=\"EtfAeMqcJL\" frameborder=\"0\" marginwidth=\"0\" marginheight=\"0\" scrolling=\"no\" class=\"wp-embedded-content\"><\/iframe><script type=\"text\/javascript\">\n\/* <![CDATA[ *\/\n\/*! This file is auto-generated *\/\n!function(d,l){\"use strict\";l.querySelector&&d.addEventListener&&\"undefined\"!=typeof URL&&(d.wp=d.wp||{},d.wp.receiveEmbedMessage||(d.wp.receiveEmbedMessage=function(e){var t=e.data;if((t||t.secret||t.message||t.value)&&!\/[^a-zA-Z0-9]\/.test(t.secret)){for(var s,r,n,a=l.querySelectorAll('iframe[data-secret=\"'+t.secret+'\"]'),o=l.querySelectorAll('blockquote[data-secret=\"'+t.secret+'\"]'),c=new RegExp(\"^https?:$\",\"i\"),i=0;i<o.length;i++)o[i].style.display=\"none\";for(i=0;i<a.length;i++)s=a[i],e.source===s.contentWindow&&(s.removeAttribute(\"style\"),\"height\"===t.message?(1e3<(r=parseInt(t.value,10))?r=1e3:~~r<200&&(r=200),s.height=r):\"link\"===t.message&&(r=new URL(s.getAttribute(\"src\")),n=new URL(t.value),c.test(n.protocol))&&n.host===r.host&&l.activeElement===s&&(d.top.location.href=t.value))}},d.addEventListener(\"message\",d.wp.receiveEmbedMessage,!1),l.addEventListener(\"DOMContentLoaded\",function(){for(var e,t,s=l.querySelectorAll(\"iframe.wp-embedded-content\"),r=0;r<s.length;r++)(t=(e=s[r]).getAttribute(\"data-secret\"))||(t=Math.random().toString(36).substring(2,12),e.src+=\"#?secret=\"+t,e.setAttribute(\"data-secret\",t)),e.contentWindow.postMessage({message:\"ready\",secret:t},\"*\")},!1)))}(window,document);\n\/\/# sourceURL=https:\/\/www.miciudad.mx\/contenido\/wp-includes\/js\/wp-embed.min.js\n\/* ]]> *\/\n<\/script>\n","thumbnail_url":"https:\/\/www.miciudad.mx\/contenido\/wp-content\/uploads\/2019\/12\/WhatsApp-Image-2019-12-22-at-2.27.45-PM.jpeg","thumbnail_width":1280,"thumbnail_height":853,"description":"Como una forma de cerrar el a\u00f1o con una din\u00e1mica positiva el presidente del Partido Sinaloense (PAS) H\u00e9ctor Melesio Cu\u00e9n Ojeda, encabez\u00f3 la \u00faltima rodada en bicicleta organizada por el este 2019, en un recorrido de Culiac\u00e1n a Imala. En la bicicleteada participaron m\u00e1s de 200 personas entre ni\u00f1as, ni\u00f1os, j\u00f3venes, adultos mayores y hasta [&hellip;]"}