{"version":"1.0","provider_name":"Mi Ciudad","provider_url":"https:\/\/www.miciudad.mx\/contenido","author_name":"Mi Ciudad Culiac\u00e1n","author_url":"https:\/\/www.miciudad.mx\/contenido\/author\/redaccionmiciudad\/","title":"Comunidades dejar\u00e1n de padecer en temporada de sequ\u00eda - Mi Ciudad","type":"rich","width":600,"height":338,"html":"<blockquote class=\"wp-embedded-content\" data-secret=\"RaGD4crqdV\"><a href=\"https:\/\/www.miciudad.mx\/contenido\/comunidades-dejaran-de-padecer-en-temporada-de-sequia\/\">Comunidades dejar\u00e1n de padecer en temporada de sequ\u00eda<\/a><\/blockquote><iframe sandbox=\"allow-scripts\" security=\"restricted\" src=\"https:\/\/www.miciudad.mx\/contenido\/comunidades-dejaran-de-padecer-en-temporada-de-sequia\/embed\/#?secret=RaGD4crqdV\" width=\"600\" height=\"338\" title=\"&#8220;Comunidades dejar\u00e1n de padecer en temporada de sequ\u00eda&#8221; &#8212; Mi Ciudad\" data-secret=\"RaGD4crqdV\" frameborder=\"0\" marginwidth=\"0\" marginheight=\"0\" scrolling=\"no\" class=\"wp-embedded-content\"><\/iframe><script type=\"text\/javascript\">\n\/* <![CDATA[ *\/\n\/*! This file is auto-generated *\/\n!function(d,l){\"use strict\";l.querySelector&&d.addEventListener&&\"undefined\"!=typeof URL&&(d.wp=d.wp||{},d.wp.receiveEmbedMessage||(d.wp.receiveEmbedMessage=function(e){var t=e.data;if((t||t.secret||t.message||t.value)&&!\/[^a-zA-Z0-9]\/.test(t.secret)){for(var s,r,n,a=l.querySelectorAll('iframe[data-secret=\"'+t.secret+'\"]'),o=l.querySelectorAll('blockquote[data-secret=\"'+t.secret+'\"]'),c=new RegExp(\"^https?:$\",\"i\"),i=0;i<o.length;i++)o[i].style.display=\"none\";for(i=0;i<a.length;i++)s=a[i],e.source===s.contentWindow&&(s.removeAttribute(\"style\"),\"height\"===t.message?(1e3<(r=parseInt(t.value,10))?r=1e3:~~r<200&&(r=200),s.height=r):\"link\"===t.message&&(r=new URL(s.getAttribute(\"src\")),n=new URL(t.value),c.test(n.protocol))&&n.host===r.host&&l.activeElement===s&&(d.top.location.href=t.value))}},d.addEventListener(\"message\",d.wp.receiveEmbedMessage,!1),l.addEventListener(\"DOMContentLoaded\",function(){for(var e,t,s=l.querySelectorAll(\"iframe.wp-embedded-content\"),r=0;r<s.length;r++)(t=(e=s[r]).getAttribute(\"data-secret\"))||(t=Math.random().toString(36).substring(2,12),e.src+=\"#?secret=\"+t,e.setAttribute(\"data-secret\",t)),e.contentWindow.postMessage({message:\"ready\",secret:t},\"*\")},!1)))}(window,document);\n\/\/# sourceURL=https:\/\/www.miciudad.mx\/contenido\/wp-includes\/js\/wp-embed.min.js\n\/* ]]> *\/\n<\/script>\n","thumbnail_url":"https:\/\/www.miciudad.mx\/contenido\/wp-content\/uploads\/2023\/08\/66b8319a-7ac8-4d76-8ddc-8d89c23d3ba4.jpeg","thumbnail_width":768,"thumbnail_height":1024,"description":"A partir del pr\u00f3ximo a\u00f1o, comunidades como San Rom\u00e1n y La Campana dejar\u00e1n de padecer los estragos durante la temporada de sequ\u00eda, ya que se les dotar\u00e1 del servicio de agua potable. El Ingeniero Roberto Zazueta Tapia, gerente general de JAPAC, dio a conocer que por instrucciones del alcalde Juan de Dios G\u00e1mez Mend\u00edvil, est\u00e1n [&hellip;]"}