{"version":"1.0","provider_name":"Mi Ciudad","provider_url":"https:\/\/www.miciudad.mx\/contenido","author_name":"Mi Ciudad Culiac\u00e1n","author_url":"https:\/\/www.miciudad.mx\/contenido\/author\/redaccionmiciudad\/","title":"Deja R\u00edos Estavillo la Fiscal\u00eda de Sinaloa - Mi Ciudad","type":"rich","width":600,"height":338,"html":"<blockquote class=\"wp-embedded-content\" data-secret=\"P2T2DJyMFu\"><a href=\"https:\/\/www.miciudad.mx\/contenido\/deja-rios-estavillo-la-fiscalia-de-sinaloa\/\">Deja R\u00edos Estavillo la Fiscal\u00eda de Sinaloa<\/a><\/blockquote><iframe sandbox=\"allow-scripts\" security=\"restricted\" src=\"https:\/\/www.miciudad.mx\/contenido\/deja-rios-estavillo-la-fiscalia-de-sinaloa\/embed\/#?secret=P2T2DJyMFu\" width=\"600\" height=\"338\" title=\"&#8220;Deja R\u00edos Estavillo la Fiscal\u00eda de Sinaloa&#8221; &#8212; Mi Ciudad\" data-secret=\"P2T2DJyMFu\" frameborder=\"0\" marginwidth=\"0\" marginheight=\"0\" scrolling=\"no\" class=\"wp-embedded-content\"><\/iframe><script type=\"text\/javascript\">\n\/* <![CDATA[ *\/\n\/*! This file is auto-generated *\/\n!function(d,l){\"use strict\";l.querySelector&&d.addEventListener&&\"undefined\"!=typeof URL&&(d.wp=d.wp||{},d.wp.receiveEmbedMessage||(d.wp.receiveEmbedMessage=function(e){var t=e.data;if((t||t.secret||t.message||t.value)&&!\/[^a-zA-Z0-9]\/.test(t.secret)){for(var s,r,n,a=l.querySelectorAll('iframe[data-secret=\"'+t.secret+'\"]'),o=l.querySelectorAll('blockquote[data-secret=\"'+t.secret+'\"]'),c=new RegExp(\"^https?:$\",\"i\"),i=0;i<o.length;i++)o[i].style.display=\"none\";for(i=0;i<a.length;i++)s=a[i],e.source===s.contentWindow&&(s.removeAttribute(\"style\"),\"height\"===t.message?(1e3<(r=parseInt(t.value,10))?r=1e3:~~r<200&&(r=200),s.height=r):\"link\"===t.message&&(r=new URL(s.getAttribute(\"src\")),n=new URL(t.value),c.test(n.protocol))&&n.host===r.host&&l.activeElement===s&&(d.top.location.href=t.value))}},d.addEventListener(\"message\",d.wp.receiveEmbedMessage,!1),l.addEventListener(\"DOMContentLoaded\",function(){for(var e,t,s=l.querySelectorAll(\"iframe.wp-embedded-content\"),r=0;r<s.length;r++)(t=(e=s[r]).getAttribute(\"data-secret\"))||(t=Math.random().toString(36).substring(2,12),e.src+=\"#?secret=\"+t,e.setAttribute(\"data-secret\",t)),e.contentWindow.postMessage({message:\"ready\",secret:t},\"*\")},!1)))}(window,document);\n\/\/# sourceURL=https:\/\/www.miciudad.mx\/contenido\/wp-includes\/js\/wp-embed.min.js\n\/* ]]> *\/\n<\/script>\n","thumbnail_url":"https:\/\/www.miciudad.mx\/contenido\/wp-content\/uploads\/2021\/10\/RiosEstavillo.jpg","thumbnail_width":960,"thumbnail_height":597,"description":"Este lunes present\u00f3 su carta de renuncia al cargo como Fiscal General del Estado, Juan Jos\u00e9 R\u00edos Estavillo. Aunque el documento est\u00e1 fechado al 15 de octubre, fue recibido esta ma\u00f1ana en el Congreso el Estado. R\u00edos Estavillo detalla que ha considerado que es el momento de retirarse voluntariamente de sus labores en la Fiscal\u00eda [&hellip;]"}