{"version":"1.0","provider_name":"Mi Ciudad","provider_url":"https:\/\/www.miciudad.mx\/contenido","author_name":"David Uriarte","author_url":"https:\/\/www.miciudad.mx\/contenido\/author\/daviduriarte\/","title":"El palacio embrujado - Mi Ciudad","type":"rich","width":600,"height":338,"html":"<blockquote class=\"wp-embedded-content\" data-secret=\"bfDAk3SfeZ\"><a href=\"https:\/\/www.miciudad.mx\/contenido\/el-palacio-embrujado\/\">El palacio embrujado<\/a><\/blockquote><iframe sandbox=\"allow-scripts\" security=\"restricted\" src=\"https:\/\/www.miciudad.mx\/contenido\/el-palacio-embrujado\/embed\/#?secret=bfDAk3SfeZ\" width=\"600\" height=\"338\" title=\"&#8220;El palacio embrujado&#8221; &#8212; Mi Ciudad\" data-secret=\"bfDAk3SfeZ\" frameborder=\"0\" marginwidth=\"0\" marginheight=\"0\" scrolling=\"no\" class=\"wp-embedded-content\"><\/iframe><script type=\"text\/javascript\">\n\/* <![CDATA[ *\/\n\/*! This file is auto-generated *\/\n!function(d,l){\"use strict\";l.querySelector&&d.addEventListener&&\"undefined\"!=typeof URL&&(d.wp=d.wp||{},d.wp.receiveEmbedMessage||(d.wp.receiveEmbedMessage=function(e){var t=e.data;if((t||t.secret||t.message||t.value)&&!\/[^a-zA-Z0-9]\/.test(t.secret)){for(var s,r,n,a=l.querySelectorAll('iframe[data-secret=\"'+t.secret+'\"]'),o=l.querySelectorAll('blockquote[data-secret=\"'+t.secret+'\"]'),c=new RegExp(\"^https?:$\",\"i\"),i=0;i<o.length;i++)o[i].style.display=\"none\";for(i=0;i<a.length;i++)s=a[i],e.source===s.contentWindow&&(s.removeAttribute(\"style\"),\"height\"===t.message?(1e3<(r=parseInt(t.value,10))?r=1e3:~~r<200&&(r=200),s.height=r):\"link\"===t.message&&(r=new URL(s.getAttribute(\"src\")),n=new URL(t.value),c.test(n.protocol))&&n.host===r.host&&l.activeElement===s&&(d.top.location.href=t.value))}},d.addEventListener(\"message\",d.wp.receiveEmbedMessage,!1),l.addEventListener(\"DOMContentLoaded\",function(){for(var e,t,s=l.querySelectorAll(\"iframe.wp-embedded-content\"),r=0;r<s.length;r++)(t=(e=s[r]).getAttribute(\"data-secret\"))||(t=Math.random().toString(36).substring(2,12),e.src+=\"#?secret=\"+t,e.setAttribute(\"data-secret\",t)),e.contentWindow.postMessage({message:\"ready\",secret:t},\"*\")},!1)))}(window,document);\n\/\/# sourceURL=https:\/\/www.miciudad.mx\/contenido\/wp-includes\/js\/wp-embed.min.js\n\/* ]]> *\/\n<\/script>\n","thumbnail_url":"https:\/\/www.miciudad.mx\/contenido\/wp-content\/uploads\/2021\/02\/IMG-20210220-WA0029.jpg","thumbnail_width":1280,"thumbnail_height":853,"description":"Por David Uriarte \/ En el siglo XXI, Culiac\u00e1n ha tenido 14 presidentes municipales, Gustavo Guerrero, Jes\u00fas Enrique Hern\u00e1ndez Ch\u00e1vez, Aar\u00f3n Ir\u00edzar, Jes\u00fas Vizcarra, Tony Casta\u00f1eda, David Ibarra, H\u00e9ctor Melesio Cu\u00e9n, Manuel Osuna, Aar\u00f3n Rivas, Sergio Torres, Jes\u00fas Vald\u00e9s, Sandra Lara, Antonio Casta\u00f1eda, y Jes\u00fas Estrada, todos del PRI, excepto el actual que es de [&hellip;]"}