{"version":"1.0","provider_name":"Mi Ciudad","provider_url":"https:\/\/www.miciudad.mx\/contenido","author_name":"Mi Ciudad Culiac\u00e1n","author_url":"https:\/\/www.miciudad.mx\/contenido\/author\/redaccionmiciudad\/","title":"Hurac\u00e1n Adri\u00e1n no representa peligro para Sinaloa - Mi Ciudad","type":"rich","width":600,"height":338,"html":"<blockquote class=\"wp-embedded-content\" data-secret=\"j2G5nr62Kx\"><a href=\"https:\/\/www.miciudad.mx\/contenido\/huracan-adrian-no-representa-peligro-para-sinaloa\/\">Hurac\u00e1n Adri\u00e1n no representa peligro para Sinaloa<\/a><\/blockquote><iframe sandbox=\"allow-scripts\" security=\"restricted\" src=\"https:\/\/www.miciudad.mx\/contenido\/huracan-adrian-no-representa-peligro-para-sinaloa\/embed\/#?secret=j2G5nr62Kx\" width=\"600\" height=\"338\" title=\"&#8220;Hurac\u00e1n Adri\u00e1n no representa peligro para Sinaloa&#8221; &#8212; Mi Ciudad\" data-secret=\"j2G5nr62Kx\" frameborder=\"0\" marginwidth=\"0\" marginheight=\"0\" scrolling=\"no\" class=\"wp-embedded-content\"><\/iframe><script type=\"text\/javascript\">\n\/* <![CDATA[ *\/\n\/*! This file is auto-generated *\/\n!function(d,l){\"use strict\";l.querySelector&&d.addEventListener&&\"undefined\"!=typeof URL&&(d.wp=d.wp||{},d.wp.receiveEmbedMessage||(d.wp.receiveEmbedMessage=function(e){var t=e.data;if((t||t.secret||t.message||t.value)&&!\/[^a-zA-Z0-9]\/.test(t.secret)){for(var s,r,n,a=l.querySelectorAll('iframe[data-secret=\"'+t.secret+'\"]'),o=l.querySelectorAll('blockquote[data-secret=\"'+t.secret+'\"]'),c=new RegExp(\"^https?:$\",\"i\"),i=0;i<o.length;i++)o[i].style.display=\"none\";for(i=0;i<a.length;i++)s=a[i],e.source===s.contentWindow&&(s.removeAttribute(\"style\"),\"height\"===t.message?(1e3<(r=parseInt(t.value,10))?r=1e3:~~r<200&&(r=200),s.height=r):\"link\"===t.message&&(r=new URL(s.getAttribute(\"src\")),n=new URL(t.value),c.test(n.protocol))&&n.host===r.host&&l.activeElement===s&&(d.top.location.href=t.value))}},d.addEventListener(\"message\",d.wp.receiveEmbedMessage,!1),l.addEventListener(\"DOMContentLoaded\",function(){for(var e,t,s=l.querySelectorAll(\"iframe.wp-embedded-content\"),r=0;r<s.length;r++)(t=(e=s[r]).getAttribute(\"data-secret\"))||(t=Math.random().toString(36).substring(2,12),e.src+=\"#?secret=\"+t,e.setAttribute(\"data-secret\",t)),e.contentWindow.postMessage({message:\"ready\",secret:t},\"*\")},!1)))}(window,document);\n\/\/# sourceURL=https:\/\/www.miciudad.mx\/contenido\/wp-includes\/js\/wp-embed.min.js\n\/* ]]> *\/\n<\/script>\n","thumbnail_url":"https:\/\/www.miciudad.mx\/contenido\/wp-content\/uploads\/2023\/06\/grande_338723001687990089.jpeg","thumbnail_width":1280,"thumbnail_height":852,"description":"En las recientes horas, Adri\u00e1n evolucion\u00f3 a hurac\u00e1n categor\u00eda 1 de acuerdo a la escala de vientos de huracanes Saffir-Simpson; sin embargo, no representa ning\u00fan peligro, notific\u00f3 el responsable de la Estaci\u00f3n Climatol\u00f3gica de la Facultad de Biolog\u00eda de la Universidad Aut\u00f3noma de Sinaloa (UAS), el doctor Bladimir Salom\u00f3n. Inform\u00f3 que despu\u00e9s de mucho tiempo [&hellip;]"}