{"version":"1.0","provider_name":"Mi Ciudad","provider_url":"https:\/\/www.miciudad.mx\/contenido","author_name":"Mi Ciudad Culiac\u00e1n","author_url":"https:\/\/www.miciudad.mx\/contenido\/author\/redaccionmiciudad\/","title":"Inauguran Parque Acu\u00e1tico en Culiac\u00e1n - Mi Ciudad","type":"rich","width":600,"height":338,"html":"<blockquote class=\"wp-embedded-content\" data-secret=\"WvKb1C7zNw\"><a href=\"https:\/\/www.miciudad.mx\/contenido\/inauguran-parque-acuatico-en-culiacan\/\">Inauguran Parque Acu\u00e1tico en Culiac\u00e1n<\/a><\/blockquote><iframe sandbox=\"allow-scripts\" security=\"restricted\" src=\"https:\/\/www.miciudad.mx\/contenido\/inauguran-parque-acuatico-en-culiacan\/embed\/#?secret=WvKb1C7zNw\" width=\"600\" height=\"338\" title=\"&#8220;Inauguran Parque Acu\u00e1tico en Culiac\u00e1n&#8221; &#8212; Mi Ciudad\" data-secret=\"WvKb1C7zNw\" frameborder=\"0\" marginwidth=\"0\" marginheight=\"0\" scrolling=\"no\" class=\"wp-embedded-content\"><\/iframe><script type=\"text\/javascript\">\n\/* <![CDATA[ *\/\n\/*! This file is auto-generated *\/\n!function(d,l){\"use strict\";l.querySelector&&d.addEventListener&&\"undefined\"!=typeof URL&&(d.wp=d.wp||{},d.wp.receiveEmbedMessage||(d.wp.receiveEmbedMessage=function(e){var t=e.data;if((t||t.secret||t.message||t.value)&&!\/[^a-zA-Z0-9]\/.test(t.secret)){for(var s,r,n,a=l.querySelectorAll('iframe[data-secret=\"'+t.secret+'\"]'),o=l.querySelectorAll('blockquote[data-secret=\"'+t.secret+'\"]'),c=new RegExp(\"^https?:$\",\"i\"),i=0;i<o.length;i++)o[i].style.display=\"none\";for(i=0;i<a.length;i++)s=a[i],e.source===s.contentWindow&&(s.removeAttribute(\"style\"),\"height\"===t.message?(1e3<(r=parseInt(t.value,10))?r=1e3:~~r<200&&(r=200),s.height=r):\"link\"===t.message&&(r=new URL(s.getAttribute(\"src\")),n=new URL(t.value),c.test(n.protocol))&&n.host===r.host&&l.activeElement===s&&(d.top.location.href=t.value))}},d.addEventListener(\"message\",d.wp.receiveEmbedMessage,!1),l.addEventListener(\"DOMContentLoaded\",function(){for(var e,t,s=l.querySelectorAll(\"iframe.wp-embedded-content\"),r=0;r<s.length;r++)(t=(e=s[r]).getAttribute(\"data-secret\"))||(t=Math.random().toString(36).substring(2,12),e.src+=\"#?secret=\"+t,e.setAttribute(\"data-secret\",t)),e.contentWindow.postMessage({message:\"ready\",secret:t},\"*\")},!1)))}(window,document);\n\/\/# sourceURL=https:\/\/www.miciudad.mx\/contenido\/wp-includes\/js\/wp-embed.min.js\n\/* ]]> *\/\n<\/script>\n","thumbnail_url":"https:\/\/www.miciudad.mx\/contenido\/wp-content\/uploads\/2019\/06\/01d70bc6-7a97-40ee-a671-3075bf7e8d44.jpg","thumbnail_width":1280,"thumbnail_height":685,"description":"Acompa\u00f1ado por cientos de familias culiacanenses, el gobernador Quirino Ordaz Coppel, junto con el presidente municipal Jes\u00fas Estrada Ferreiro, inaugur\u00f3 el Parque Acu\u00e1tico Tres R\u00edos, situado donde nace el r\u00edo Culiac\u00e1n, en su confluencia con los r\u00edos Humaya y Tamazula, espacio recreativo que se rescat\u00f3 para el disfrute de las familias, con una inversi\u00f3n de [&hellip;]"}