{"version":"1.0","provider_name":"Mi Ciudad","provider_url":"https:\/\/www.miciudad.mx\/contenido","author_name":"Mi Ciudad Culiac\u00e1n","author_url":"https:\/\/www.miciudad.mx\/contenido\/author\/redaccionmiciudad\/","title":"Inauguran sucursal 30 de Fierro y L\u00e1mina - Mi Ciudad","type":"rich","width":600,"height":338,"html":"<blockquote class=\"wp-embedded-content\" data-secret=\"PXiGy0TDFz\"><a href=\"https:\/\/www.miciudad.mx\/contenido\/inauguran-sucursal-30-de-fierro-y-lamina\/\">Inauguran sucursal 30 de Fierro y L\u00e1mina<\/a><\/blockquote><iframe sandbox=\"allow-scripts\" security=\"restricted\" src=\"https:\/\/www.miciudad.mx\/contenido\/inauguran-sucursal-30-de-fierro-y-lamina\/embed\/#?secret=PXiGy0TDFz\" width=\"600\" height=\"338\" title=\"&#8220;Inauguran sucursal 30 de Fierro y L\u00e1mina&#8221; &#8212; Mi Ciudad\" data-secret=\"PXiGy0TDFz\" frameborder=\"0\" marginwidth=\"0\" marginheight=\"0\" scrolling=\"no\" class=\"wp-embedded-content\"><\/iframe><script type=\"text\/javascript\">\n\/* <![CDATA[ *\/\n\/*! This file is auto-generated *\/\n!function(d,l){\"use strict\";l.querySelector&&d.addEventListener&&\"undefined\"!=typeof URL&&(d.wp=d.wp||{},d.wp.receiveEmbedMessage||(d.wp.receiveEmbedMessage=function(e){var t=e.data;if((t||t.secret||t.message||t.value)&&!\/[^a-zA-Z0-9]\/.test(t.secret)){for(var s,r,n,a=l.querySelectorAll('iframe[data-secret=\"'+t.secret+'\"]'),o=l.querySelectorAll('blockquote[data-secret=\"'+t.secret+'\"]'),c=new RegExp(\"^https?:$\",\"i\"),i=0;i<o.length;i++)o[i].style.display=\"none\";for(i=0;i<a.length;i++)s=a[i],e.source===s.contentWindow&&(s.removeAttribute(\"style\"),\"height\"===t.message?(1e3<(r=parseInt(t.value,10))?r=1e3:~~r<200&&(r=200),s.height=r):\"link\"===t.message&&(r=new URL(s.getAttribute(\"src\")),n=new URL(t.value),c.test(n.protocol))&&n.host===r.host&&l.activeElement===s&&(d.top.location.href=t.value))}},d.addEventListener(\"message\",d.wp.receiveEmbedMessage,!1),l.addEventListener(\"DOMContentLoaded\",function(){for(var e,t,s=l.querySelectorAll(\"iframe.wp-embedded-content\"),r=0;r<s.length;r++)(t=(e=s[r]).getAttribute(\"data-secret\"))||(t=Math.random().toString(36).substring(2,12),e.src+=\"#?secret=\"+t,e.setAttribute(\"data-secret\",t)),e.contentWindow.postMessage({message:\"ready\",secret:t},\"*\")},!1)))}(window,document);\n\/\/# sourceURL=https:\/\/www.miciudad.mx\/contenido\/wp-includes\/js\/wp-embed.min.js\n\/* ]]> *\/\n<\/script>\n","thumbnail_url":"https:\/\/www.miciudad.mx\/contenido\/wp-content\/uploads\/2023\/06\/368b9520-5104-4c3f-9cf1-eb95844fbf73.jpeg","thumbnail_width":1280,"thumbnail_height":854,"description":"Se inaugur\u00f3 en Mazatl\u00e1n, Sinaloa, la sucursal n\u00famero 30 de la empresa Fierro y L\u00e1mina en el pa\u00eds, la n\u00famero 14 en Sinaloa, sumando m\u00e1s de 320 empleos en la entidad, esto con una inversi\u00f3n de m\u00e1s de 101 millones de pesos. Javier Gaxiola Coppel, Secretario de Econom\u00eda del estado, celebr\u00f3 el crecimiento de las [&hellip;]"}