{"version":"1.0","provider_name":"Mi Ciudad","provider_url":"https:\/\/www.miciudad.mx\/contenido","author_name":"Mi Ciudad Culiac\u00e1n","author_url":"https:\/\/www.miciudad.mx\/contenido\/author\/redaccionmiciudad\/","title":"Inauguran tienda comunitaria en Estaci\u00f3n Rosales - Mi Ciudad","type":"rich","width":600,"height":338,"html":"<blockquote class=\"wp-embedded-content\" data-secret=\"i7mcjJFErG\"><a href=\"https:\/\/www.miciudad.mx\/contenido\/inauguran-tierra-comunitaria-en-estacion-rosales\/\">Inauguran tienda comunitaria en Estaci\u00f3n Rosales<\/a><\/blockquote><iframe sandbox=\"allow-scripts\" security=\"restricted\" src=\"https:\/\/www.miciudad.mx\/contenido\/inauguran-tierra-comunitaria-en-estacion-rosales\/embed\/#?secret=i7mcjJFErG\" width=\"600\" height=\"338\" title=\"&#8220;Inauguran tienda comunitaria en Estaci\u00f3n Rosales&#8221; &#8212; Mi Ciudad\" data-secret=\"i7mcjJFErG\" frameborder=\"0\" marginwidth=\"0\" marginheight=\"0\" scrolling=\"no\" class=\"wp-embedded-content\"><\/iframe><script type=\"text\/javascript\">\n\/* <![CDATA[ *\/\n\/*! This file is auto-generated *\/\n!function(d,l){\"use strict\";l.querySelector&&d.addEventListener&&\"undefined\"!=typeof URL&&(d.wp=d.wp||{},d.wp.receiveEmbedMessage||(d.wp.receiveEmbedMessage=function(e){var t=e.data;if((t||t.secret||t.message||t.value)&&!\/[^a-zA-Z0-9]\/.test(t.secret)){for(var s,r,n,a=l.querySelectorAll('iframe[data-secret=\"'+t.secret+'\"]'),o=l.querySelectorAll('blockquote[data-secret=\"'+t.secret+'\"]'),c=new RegExp(\"^https?:$\",\"i\"),i=0;i<o.length;i++)o[i].style.display=\"none\";for(i=0;i<a.length;i++)s=a[i],e.source===s.contentWindow&&(s.removeAttribute(\"style\"),\"height\"===t.message?(1e3<(r=parseInt(t.value,10))?r=1e3:~~r<200&&(r=200),s.height=r):\"link\"===t.message&&(r=new URL(s.getAttribute(\"src\")),n=new URL(t.value),c.test(n.protocol))&&n.host===r.host&&l.activeElement===s&&(d.top.location.href=t.value))}},d.addEventListener(\"message\",d.wp.receiveEmbedMessage,!1),l.addEventListener(\"DOMContentLoaded\",function(){for(var e,t,s=l.querySelectorAll(\"iframe.wp-embedded-content\"),r=0;r<s.length;r++)(t=(e=s[r]).getAttribute(\"data-secret\"))||(t=Math.random().toString(36).substring(2,12),e.src+=\"#?secret=\"+t,e.setAttribute(\"data-secret\",t)),e.contentWindow.postMessage({message:\"ready\",secret:t},\"*\")},!1)))}(window,document);\n\/\/# sourceURL=https:\/\/www.miciudad.mx\/contenido\/wp-includes\/js\/wp-embed.min.js\n\/* ]]> *\/\n<\/script>\n","thumbnail_url":"https:\/\/www.miciudad.mx\/contenido\/wp-content\/uploads\/2023\/09\/70ed08d8-9424-4931-b04c-16c5096ebb17.jpg","thumbnail_width":1600,"thumbnail_height":1066,"description":"Concebida para fortalecer el derecho social a la alimentaci\u00f3n de calidad, con enfoque en la poblaci\u00f3n que habita en localidades de alta o muy alta marginaci\u00f3n, este lunes el Gobernador Rub\u00e9n Rocha Moya, acompa\u00f1ado por Leonel Cota Monta\u00f1o, Director General de SEGALMEX, inaugur\u00f3 una tienda comunitaria en Estaci\u00f3n Rosales, Sindicatura de Culiacancito, como parte del [&hellip;]"}