{"version":"1.0","provider_name":"Mi Ciudad","provider_url":"https:\/\/www.miciudad.mx\/contenido","author_name":"Victoria S\u00e1nchez","author_url":"https:\/\/www.miciudad.mx\/contenido\/author\/victoriasanchez\/","title":"Las comunidades ind\u00edgenas deben tener representaci\u00f3n: PAS - Mi Ciudad","type":"rich","width":600,"height":338,"html":"<blockquote class=\"wp-embedded-content\" data-secret=\"KAcbTbNkA0\"><a href=\"https:\/\/www.miciudad.mx\/contenido\/las-comunidades-indigenas-deben-tener-representacion-pas\/\">Las comunidades ind\u00edgenas deben tener representaci\u00f3n: PAS<\/a><\/blockquote><iframe sandbox=\"allow-scripts\" security=\"restricted\" src=\"https:\/\/www.miciudad.mx\/contenido\/las-comunidades-indigenas-deben-tener-representacion-pas\/embed\/#?secret=KAcbTbNkA0\" width=\"600\" height=\"338\" title=\"&#8220;Las comunidades ind\u00edgenas deben tener representaci\u00f3n: PAS&#8221; &#8212; Mi Ciudad\" data-secret=\"KAcbTbNkA0\" frameborder=\"0\" marginwidth=\"0\" marginheight=\"0\" scrolling=\"no\" class=\"wp-embedded-content\"><\/iframe><script type=\"text\/javascript\">\n\/* <![CDATA[ *\/\n\/*! This file is auto-generated *\/\n!function(d,l){\"use strict\";l.querySelector&&d.addEventListener&&\"undefined\"!=typeof URL&&(d.wp=d.wp||{},d.wp.receiveEmbedMessage||(d.wp.receiveEmbedMessage=function(e){var t=e.data;if((t||t.secret||t.message||t.value)&&!\/[^a-zA-Z0-9]\/.test(t.secret)){for(var s,r,n,a=l.querySelectorAll('iframe[data-secret=\"'+t.secret+'\"]'),o=l.querySelectorAll('blockquote[data-secret=\"'+t.secret+'\"]'),c=new RegExp(\"^https?:$\",\"i\"),i=0;i<o.length;i++)o[i].style.display=\"none\";for(i=0;i<a.length;i++)s=a[i],e.source===s.contentWindow&&(s.removeAttribute(\"style\"),\"height\"===t.message?(1e3<(r=parseInt(t.value,10))?r=1e3:~~r<200&&(r=200),s.height=r):\"link\"===t.message&&(r=new URL(s.getAttribute(\"src\")),n=new URL(t.value),c.test(n.protocol))&&n.host===r.host&&l.activeElement===s&&(d.top.location.href=t.value))}},d.addEventListener(\"message\",d.wp.receiveEmbedMessage,!1),l.addEventListener(\"DOMContentLoaded\",function(){for(var e,t,s=l.querySelectorAll(\"iframe.wp-embedded-content\"),r=0;r<s.length;r++)(t=(e=s[r]).getAttribute(\"data-secret\"))||(t=Math.random().toString(36).substring(2,12),e.src+=\"#?secret=\"+t,e.setAttribute(\"data-secret\",t)),e.contentWindow.postMessage({message:\"ready\",secret:t},\"*\")},!1)))}(window,document);\n\/\/# sourceURL=https:\/\/www.miciudad.mx\/contenido\/wp-includes\/js\/wp-embed.min.js\n\/* ]]> *\/\n<\/script>\n","thumbnail_url":"https:\/\/www.miciudad.mx\/contenido\/wp-content\/uploads\/2019\/04\/PAS_INDIGENAS.jpeg","thumbnail_width":1280,"thumbnail_height":853,"description":"MICIUDAD.MX \/ En reuni\u00f3n con l\u00edderes ind\u00edgenas en el ejido Los \u00c1ngeles del Triunfo, el presidente del Partido Sinaloense H\u00e9ctor Melesio Cu\u00e9n Ojeda, explic\u00f3 que el PAS present\u00f3 ante el Supremo Tribunal de Justicia un documento que implica un recurso de inejecuci\u00f3n de sentencia, debido a que ninguno de los 10 municipios de Sinaloa que [&hellip;]"}