{"version":"1.0","provider_name":"Mi Ciudad","provider_url":"https:\/\/www.miciudad.mx\/contenido","author_name":"Victoria S\u00e1nchez","author_url":"https:\/\/www.miciudad.mx\/contenido\/author\/victoriasanchez\/","title":"Luto en la m\u00fasica: muri\u00f3 Celso Pi\u00f1a - Mi Ciudad","type":"rich","width":600,"height":338,"html":"<blockquote class=\"wp-embedded-content\" data-secret=\"sZQlzUfPpy\"><a href=\"https:\/\/www.miciudad.mx\/contenido\/luto-en-la-musica-murio-celso-pina\/\">Luto en la m\u00fasica: muri\u00f3 Celso Pi\u00f1a<\/a><\/blockquote><iframe sandbox=\"allow-scripts\" security=\"restricted\" src=\"https:\/\/www.miciudad.mx\/contenido\/luto-en-la-musica-murio-celso-pina\/embed\/#?secret=sZQlzUfPpy\" width=\"600\" height=\"338\" title=\"&#8220;Luto en la m\u00fasica: muri\u00f3 Celso Pi\u00f1a&#8221; &#8212; Mi Ciudad\" data-secret=\"sZQlzUfPpy\" frameborder=\"0\" marginwidth=\"0\" marginheight=\"0\" scrolling=\"no\" class=\"wp-embedded-content\"><\/iframe><script type=\"text\/javascript\">\n\/* <![CDATA[ *\/\n\/*! This file is auto-generated *\/\n!function(d,l){\"use strict\";l.querySelector&&d.addEventListener&&\"undefined\"!=typeof URL&&(d.wp=d.wp||{},d.wp.receiveEmbedMessage||(d.wp.receiveEmbedMessage=function(e){var t=e.data;if((t||t.secret||t.message||t.value)&&!\/[^a-zA-Z0-9]\/.test(t.secret)){for(var s,r,n,a=l.querySelectorAll('iframe[data-secret=\"'+t.secret+'\"]'),o=l.querySelectorAll('blockquote[data-secret=\"'+t.secret+'\"]'),c=new RegExp(\"^https?:$\",\"i\"),i=0;i<o.length;i++)o[i].style.display=\"none\";for(i=0;i<a.length;i++)s=a[i],e.source===s.contentWindow&&(s.removeAttribute(\"style\"),\"height\"===t.message?(1e3<(r=parseInt(t.value,10))?r=1e3:~~r<200&&(r=200),s.height=r):\"link\"===t.message&&(r=new URL(s.getAttribute(\"src\")),n=new URL(t.value),c.test(n.protocol))&&n.host===r.host&&l.activeElement===s&&(d.top.location.href=t.value))}},d.addEventListener(\"message\",d.wp.receiveEmbedMessage,!1),l.addEventListener(\"DOMContentLoaded\",function(){for(var e,t,s=l.querySelectorAll(\"iframe.wp-embedded-content\"),r=0;r<s.length;r++)(t=(e=s[r]).getAttribute(\"data-secret\"))||(t=Math.random().toString(36).substring(2,12),e.src+=\"#?secret=\"+t,e.setAttribute(\"data-secret\",t)),e.contentWindow.postMessage({message:\"ready\",secret:t},\"*\")},!1)))}(window,document);\n\/\/# sourceURL=https:\/\/www.miciudad.mx\/contenido\/wp-includes\/js\/wp-embed.min.js\n\/* ]]> *\/\n<\/script>\n","thumbnail_url":"https:\/\/www.miciudad.mx\/contenido\/wp-content\/uploads\/2019\/08\/Screenshot_20190821_144647.jpg","thumbnail_width":1076,"thumbnail_height":813,"description":"El reconocido cantatante y acordeonista, Celso Pi\u00f1a, falleci\u00f3 este mi\u00e9rcoles v\u00edctima de un infarto en su natal Monterrey, Nuevo Le\u00f3n. El m\u00fasico fue ingresado de emergencia al Hospital San Vicente, de Monterrey, pero nada se pudo hacer. El conocido &#8220;Rey del acorde\u00f3n&#8221;, ten\u00eda 66 a\u00f1os de edad y una larga trayectoria. Entre sus primeros \u00e9xitos [&hellip;]"}