{"version":"1.0","provider_name":"Mi Ciudad","provider_url":"https:\/\/www.miciudad.mx\/contenido","author_name":"Mi Ciudad Culiac\u00e1n","author_url":"https:\/\/www.miciudad.mx\/contenido\/author\/redaccionmiciudad\/","title":"Maria Jos\u00e9 conquista Culiac\u00e1n con su m\u00fasica - Mi Ciudad","type":"rich","width":600,"height":338,"html":"<blockquote class=\"wp-embedded-content\" data-secret=\"nbamrSNeZJ\"><a href=\"https:\/\/www.miciudad.mx\/contenido\/maria-jose-conquista-culiacan-con-su-musica\/\">Maria Jos\u00e9 conquista Culiac\u00e1n con su m\u00fasica<\/a><\/blockquote><iframe sandbox=\"allow-scripts\" security=\"restricted\" src=\"https:\/\/www.miciudad.mx\/contenido\/maria-jose-conquista-culiacan-con-su-musica\/embed\/#?secret=nbamrSNeZJ\" width=\"600\" height=\"338\" title=\"&#8220;Maria Jos\u00e9 conquista Culiac\u00e1n con su m\u00fasica&#8221; &#8212; Mi Ciudad\" data-secret=\"nbamrSNeZJ\" frameborder=\"0\" marginwidth=\"0\" marginheight=\"0\" scrolling=\"no\" class=\"wp-embedded-content\"><\/iframe><script type=\"text\/javascript\">\n\/* <![CDATA[ *\/\n\/*! This file is auto-generated *\/\n!function(d,l){\"use strict\";l.querySelector&&d.addEventListener&&\"undefined\"!=typeof URL&&(d.wp=d.wp||{},d.wp.receiveEmbedMessage||(d.wp.receiveEmbedMessage=function(e){var t=e.data;if((t||t.secret||t.message||t.value)&&!\/[^a-zA-Z0-9]\/.test(t.secret)){for(var s,r,n,a=l.querySelectorAll('iframe[data-secret=\"'+t.secret+'\"]'),o=l.querySelectorAll('blockquote[data-secret=\"'+t.secret+'\"]'),c=new RegExp(\"^https?:$\",\"i\"),i=0;i<o.length;i++)o[i].style.display=\"none\";for(i=0;i<a.length;i++)s=a[i],e.source===s.contentWindow&&(s.removeAttribute(\"style\"),\"height\"===t.message?(1e3<(r=parseInt(t.value,10))?r=1e3:~~r<200&&(r=200),s.height=r):\"link\"===t.message&&(r=new URL(s.getAttribute(\"src\")),n=new URL(t.value),c.test(n.protocol))&&n.host===r.host&&l.activeElement===s&&(d.top.location.href=t.value))}},d.addEventListener(\"message\",d.wp.receiveEmbedMessage,!1),l.addEventListener(\"DOMContentLoaded\",function(){for(var e,t,s=l.querySelectorAll(\"iframe.wp-embedded-content\"),r=0;r<s.length;r++)(t=(e=s[r]).getAttribute(\"data-secret\"))||(t=Math.random().toString(36).substring(2,12),e.src+=\"#?secret=\"+t,e.setAttribute(\"data-secret\",t)),e.contentWindow.postMessage({message:\"ready\",secret:t},\"*\")},!1)))}(window,document);\n\/\/# sourceURL=https:\/\/www.miciudad.mx\/contenido\/wp-includes\/js\/wp-embed.min.js\n\/* ]]> *\/\n<\/script>\n","thumbnail_url":"https:\/\/www.miciudad.mx\/contenido\/wp-content\/uploads\/2023\/06\/FxzBf0xWYAIA3jN.jpeg","thumbnail_width":1460,"thumbnail_height":2048,"description":"La exitosa cantante Maria Jos\u00e9 trajo su m\u00fasica al Teatro Griego del Parque Culiac\u00e1n, el pasado s\u00e1bado, donde miles de personas se reunieron para corear sus \u00e9xitos en una velada llena de m\u00fasica. Fue a a partir de las 21:00 horas que comenz\u00f3 la m\u00fasica de la ex cantante del popular grupo de pop Kabah, [&hellip;]"}