{"version":"1.0","provider_name":"Mi Ciudad","provider_url":"https:\/\/www.miciudad.mx\/contenido","author_name":"Mi Ciudad","author_url":"https:\/\/www.miciudad.mx\/contenido\/author\/admin\/","title":"Mazatl\u00e1n y Quer\u00e9taro ya est\u00e1n conectados - Mi Ciudad","type":"rich","width":600,"height":338,"html":"<blockquote class=\"wp-embedded-content\" data-secret=\"zbsZX31lwW\"><a href=\"https:\/\/www.miciudad.mx\/contenido\/mazatlan-y-queretaro-ya-estan-conectados\/\">Mazatl\u00e1n y Quer\u00e9taro ya est\u00e1n conectados<\/a><\/blockquote><iframe sandbox=\"allow-scripts\" security=\"restricted\" src=\"https:\/\/www.miciudad.mx\/contenido\/mazatlan-y-queretaro-ya-estan-conectados\/embed\/#?secret=zbsZX31lwW\" width=\"600\" height=\"338\" title=\"&#8220;Mazatl\u00e1n y Quer\u00e9taro ya est\u00e1n conectados&#8221; &#8212; Mi Ciudad\" data-secret=\"zbsZX31lwW\" frameborder=\"0\" marginwidth=\"0\" marginheight=\"0\" scrolling=\"no\" class=\"wp-embedded-content\"><\/iframe><script type=\"text\/javascript\">\n\/* <![CDATA[ *\/\n\/*! This file is auto-generated *\/\n!function(d,l){\"use strict\";l.querySelector&&d.addEventListener&&\"undefined\"!=typeof URL&&(d.wp=d.wp||{},d.wp.receiveEmbedMessage||(d.wp.receiveEmbedMessage=function(e){var t=e.data;if((t||t.secret||t.message||t.value)&&!\/[^a-zA-Z0-9]\/.test(t.secret)){for(var s,r,n,a=l.querySelectorAll('iframe[data-secret=\"'+t.secret+'\"]'),o=l.querySelectorAll('blockquote[data-secret=\"'+t.secret+'\"]'),c=new RegExp(\"^https?:$\",\"i\"),i=0;i<o.length;i++)o[i].style.display=\"none\";for(i=0;i<a.length;i++)s=a[i],e.source===s.contentWindow&&(s.removeAttribute(\"style\"),\"height\"===t.message?(1e3<(r=parseInt(t.value,10))?r=1e3:~~r<200&&(r=200),s.height=r):\"link\"===t.message&&(r=new URL(s.getAttribute(\"src\")),n=new URL(t.value),c.test(n.protocol))&&n.host===r.host&&l.activeElement===s&&(d.top.location.href=t.value))}},d.addEventListener(\"message\",d.wp.receiveEmbedMessage,!1),l.addEventListener(\"DOMContentLoaded\",function(){for(var e,t,s=l.querySelectorAll(\"iframe.wp-embedded-content\"),r=0;r<s.length;r++)(t=(e=s[r]).getAttribute(\"data-secret\"))||(t=Math.random().toString(36).substring(2,12),e.src+=\"#?secret=\"+t,e.setAttribute(\"data-secret\",t)),e.contentWindow.postMessage({message:\"ready\",secret:t},\"*\")},!1)))}(window,document);\n\/\/# sourceURL=https:\/\/www.miciudad.mx\/contenido\/wp-includes\/js\/wp-embed.min.js\n\/* ]]> *\/\n<\/script>\n","thumbnail_url":"https:\/\/www.miciudad.mx\/contenido\/wp-content\/uploads\/2019\/10\/IMG-20191004-WA0022.jpg","thumbnail_width":1280,"thumbnail_height":835,"description":"El Secretario de Turismo \u00d3scar P\u00e9rez Barros inaugura vuelo Quer\u00e9taro &#8211; Mazatl\u00e1n de la aerol\u00ednea TAR Asegura que seguir\u00e1n trabajando para conectar a Sinaloa con el baj\u00edo El Secretario de Turismo \u00d3scar P\u00e9rez Barros, acompa\u00f1ado del sector tur\u00edstico de esta localidad, autoridades municipales y estatales, recibieron el vuelo inaugural de la aerol\u00ednea TAR, que cubrir\u00e1 [&hellip;]"}