{"version":"1.0","provider_name":"Mi Ciudad","provider_url":"https:\/\/www.miciudad.mx\/contenido","author_name":"Victoria S\u00e1nchez","author_url":"https:\/\/www.miciudad.mx\/contenido\/author\/victoriasanchez\/","title":"Muri\u00f3 Jes\u00fas Antonio Marcial Liparoli - Mi Ciudad","type":"rich","width":600,"height":338,"html":"<blockquote class=\"wp-embedded-content\" data-secret=\"nYu8LVDmna\"><a href=\"https:\/\/www.miciudad.mx\/contenido\/murio-jesus-antonio-marcial-liparoli\/\">Muri\u00f3 Jes\u00fas Antonio Marcial Liparoli<\/a><\/blockquote><iframe sandbox=\"allow-scripts\" security=\"restricted\" src=\"https:\/\/www.miciudad.mx\/contenido\/murio-jesus-antonio-marcial-liparoli\/embed\/#?secret=nYu8LVDmna\" width=\"600\" height=\"338\" title=\"&#8220;Muri\u00f3 Jes\u00fas Antonio Marcial Liparoli&#8221; &#8212; Mi Ciudad\" data-secret=\"nYu8LVDmna\" frameborder=\"0\" marginwidth=\"0\" marginheight=\"0\" scrolling=\"no\" class=\"wp-embedded-content\"><\/iframe><script type=\"text\/javascript\">\n\/* <![CDATA[ *\/\n\/*! This file is auto-generated *\/\n!function(d,l){\"use strict\";l.querySelector&&d.addEventListener&&\"undefined\"!=typeof URL&&(d.wp=d.wp||{},d.wp.receiveEmbedMessage||(d.wp.receiveEmbedMessage=function(e){var t=e.data;if((t||t.secret||t.message||t.value)&&!\/[^a-zA-Z0-9]\/.test(t.secret)){for(var s,r,n,a=l.querySelectorAll('iframe[data-secret=\"'+t.secret+'\"]'),o=l.querySelectorAll('blockquote[data-secret=\"'+t.secret+'\"]'),c=new RegExp(\"^https?:$\",\"i\"),i=0;i<o.length;i++)o[i].style.display=\"none\";for(i=0;i<a.length;i++)s=a[i],e.source===s.contentWindow&&(s.removeAttribute(\"style\"),\"height\"===t.message?(1e3<(r=parseInt(t.value,10))?r=1e3:~~r<200&&(r=200),s.height=r):\"link\"===t.message&&(r=new URL(s.getAttribute(\"src\")),n=new URL(t.value),c.test(n.protocol))&&n.host===r.host&&l.activeElement===s&&(d.top.location.href=t.value))}},d.addEventListener(\"message\",d.wp.receiveEmbedMessage,!1),l.addEventListener(\"DOMContentLoaded\",function(){for(var e,t,s=l.querySelectorAll(\"iframe.wp-embedded-content\"),r=0;r<s.length;r++)(t=(e=s[r]).getAttribute(\"data-secret\"))||(t=Math.random().toString(36).substring(2,12),e.src+=\"#?secret=\"+t,e.setAttribute(\"data-secret\",t)),e.contentWindow.postMessage({message:\"ready\",secret:t},\"*\")},!1)))}(window,document);\n\/\/# sourceURL=https:\/\/www.miciudad.mx\/contenido\/wp-includes\/js\/wp-embed.min.js\n\/* ]]> *\/\n<\/script>\n","thumbnail_url":"https:\/\/www.miciudad.mx\/contenido\/wp-content\/uploads\/2019\/07\/Marcial_Liparoli_01.jpg","thumbnail_width":561,"thumbnail_height":314,"description":"Quien fuera subsecretario de Gobierno y posteriormente Diputado, Jes\u00fas Antonio Marcial Liparoli, falleci\u00f3 en el Hospital General de Culiac\u00e1n, cuando era atendido por complicaciones de salud luego de una intervenci\u00f3n quir\u00fargica menor. El deceso ocurri\u00f3 alrededor del mediod\u00eda de este mi\u00e9rcoles, despu\u00e9s de la intervenci\u00f3n de la que aparentemente hab\u00eda salido todo bien, luego de [&hellip;]"}