{"version":"1.0","provider_name":"Mi Ciudad","provider_url":"https:\/\/www.miciudad.mx\/contenido","author_name":"Mi Ciudad Culiac\u00e1n","author_url":"https:\/\/www.miciudad.mx\/contenido\/author\/redaccionmiciudad\/","title":"Nodal visitar\u00e1 Culiac\u00e1n con su tour \"Forajido\" - Mi Ciudad","type":"rich","width":600,"height":338,"html":"<blockquote class=\"wp-embedded-content\" data-secret=\"3hudyH2wML\"><a href=\"https:\/\/www.miciudad.mx\/contenido\/nodal-visitara-culiacan-con-su-tour-forajido\/\">Nodal visitar\u00e1 Culiac\u00e1n con su tour &#8220;Forajido&#8221;<\/a><\/blockquote><iframe sandbox=\"allow-scripts\" security=\"restricted\" src=\"https:\/\/www.miciudad.mx\/contenido\/nodal-visitara-culiacan-con-su-tour-forajido\/embed\/#?secret=3hudyH2wML\" width=\"600\" height=\"338\" title=\"&#8220;Nodal visitar\u00e1 Culiac\u00e1n con su tour &#8220;Forajido&#8221;&#8221; &#8212; Mi Ciudad\" data-secret=\"3hudyH2wML\" frameborder=\"0\" marginwidth=\"0\" marginheight=\"0\" scrolling=\"no\" class=\"wp-embedded-content\"><\/iframe><script type=\"text\/javascript\">\n\/* <![CDATA[ *\/\n\/*! This file is auto-generated *\/\n!function(d,l){\"use strict\";l.querySelector&&d.addEventListener&&\"undefined\"!=typeof URL&&(d.wp=d.wp||{},d.wp.receiveEmbedMessage||(d.wp.receiveEmbedMessage=function(e){var t=e.data;if((t||t.secret||t.message||t.value)&&!\/[^a-zA-Z0-9]\/.test(t.secret)){for(var s,r,n,a=l.querySelectorAll('iframe[data-secret=\"'+t.secret+'\"]'),o=l.querySelectorAll('blockquote[data-secret=\"'+t.secret+'\"]'),c=new RegExp(\"^https?:$\",\"i\"),i=0;i<o.length;i++)o[i].style.display=\"none\";for(i=0;i<a.length;i++)s=a[i],e.source===s.contentWindow&&(s.removeAttribute(\"style\"),\"height\"===t.message?(1e3<(r=parseInt(t.value,10))?r=1e3:~~r<200&&(r=200),s.height=r):\"link\"===t.message&&(r=new URL(s.getAttribute(\"src\")),n=new URL(t.value),c.test(n.protocol))&&n.host===r.host&&l.activeElement===s&&(d.top.location.href=t.value))}},d.addEventListener(\"message\",d.wp.receiveEmbedMessage,!1),l.addEventListener(\"DOMContentLoaded\",function(){for(var e,t,s=l.querySelectorAll(\"iframe.wp-embedded-content\"),r=0;r<s.length;r++)(t=(e=s[r]).getAttribute(\"data-secret\"))||(t=Math.random().toString(36).substring(2,12),e.src+=\"#?secret=\"+t,e.setAttribute(\"data-secret\",t)),e.contentWindow.postMessage({message:\"ready\",secret:t},\"*\")},!1)))}(window,document);\n\/\/# sourceURL=https:\/\/www.miciudad.mx\/contenido\/wp-includes\/js\/wp-embed.min.js\n\/* ]]> *\/\n<\/script>\n","thumbnail_url":"https:\/\/www.miciudad.mx\/contenido\/wp-content\/uploads\/2022\/03\/IMG-20220317-WA0072.jpg","thumbnail_width":1280,"thumbnail_height":853,"description":"A trav\u00e9s de una publicaci\u00f3n en las historias de Facebook del sitio TicketSTARS.com.mx se dio revel\u00f3 que el cantante de regional-mexicano Christian Nodal visitar\u00e1 Culiac\u00e1n. Aunque en la imagen no dice fecha a\u00fan, se\u00f1ala que muy pronto se conocer\u00e1n los detalles de la presentaci\u00f3n del popular cantante, como parte de su tour &#8220;Forajido&#8221;. Aqu\u00ed la [&hellip;]"}