{"version":"1.0","provider_name":"Mi Ciudad","provider_url":"https:\/\/www.miciudad.mx\/contenido","author_name":"Victoria S\u00e1nchez","author_url":"https:\/\/www.miciudad.mx\/contenido\/author\/victoriasanchez\/","title":"Presenta Rub\u00e9n Rocha Moya su Gabinete - Mi Ciudad","type":"rich","width":600,"height":338,"html":"<blockquote class=\"wp-embedded-content\" data-secret=\"tHjv7fQfWb\"><a href=\"https:\/\/www.miciudad.mx\/contenido\/presenta-ruben-rocha-moya-su-gabinete\/\">Presenta Rub\u00e9n Rocha Moya su Gabinete<\/a><\/blockquote><iframe sandbox=\"allow-scripts\" security=\"restricted\" src=\"https:\/\/www.miciudad.mx\/contenido\/presenta-ruben-rocha-moya-su-gabinete\/embed\/#?secret=tHjv7fQfWb\" width=\"600\" height=\"338\" title=\"&#8220;Presenta Rub\u00e9n Rocha Moya su Gabinete&#8221; &#8212; Mi Ciudad\" data-secret=\"tHjv7fQfWb\" frameborder=\"0\" marginwidth=\"0\" marginheight=\"0\" scrolling=\"no\" class=\"wp-embedded-content\"><\/iframe><script type=\"text\/javascript\">\n\/* <![CDATA[ *\/\n\/*! This file is auto-generated *\/\n!function(d,l){\"use strict\";l.querySelector&&d.addEventListener&&\"undefined\"!=typeof URL&&(d.wp=d.wp||{},d.wp.receiveEmbedMessage||(d.wp.receiveEmbedMessage=function(e){var t=e.data;if((t||t.secret||t.message||t.value)&&!\/[^a-zA-Z0-9]\/.test(t.secret)){for(var s,r,n,a=l.querySelectorAll('iframe[data-secret=\"'+t.secret+'\"]'),o=l.querySelectorAll('blockquote[data-secret=\"'+t.secret+'\"]'),c=new RegExp(\"^https?:$\",\"i\"),i=0;i<o.length;i++)o[i].style.display=\"none\";for(i=0;i<a.length;i++)s=a[i],e.source===s.contentWindow&&(s.removeAttribute(\"style\"),\"height\"===t.message?(1e3<(r=parseInt(t.value,10))?r=1e3:~~r<200&&(r=200),s.height=r):\"link\"===t.message&&(r=new URL(s.getAttribute(\"src\")),n=new URL(t.value),c.test(n.protocol))&&n.host===r.host&&l.activeElement===s&&(d.top.location.href=t.value))}},d.addEventListener(\"message\",d.wp.receiveEmbedMessage,!1),l.addEventListener(\"DOMContentLoaded\",function(){for(var e,t,s=l.querySelectorAll(\"iframe.wp-embedded-content\"),r=0;r<s.length;r++)(t=(e=s[r]).getAttribute(\"data-secret\"))||(t=Math.random().toString(36).substring(2,12),e.src+=\"#?secret=\"+t,e.setAttribute(\"data-secret\",t)),e.contentWindow.postMessage({message:\"ready\",secret:t},\"*\")},!1)))}(window,document);\n\/\/# sourceURL=https:\/\/www.miciudad.mx\/contenido\/wp-includes\/js\/wp-embed.min.js\n\/* ]]> *\/\n<\/script>\n","thumbnail_url":"https:\/\/www.miciudad.mx\/contenido\/wp-content\/uploads\/2021\/10\/WhatsApp-Image-2021-10-27-at-11.42.36-AM.jpeg","thumbnail_width":1440,"thumbnail_height":960,"description":"Finalmente, despu\u00e9s de semanas de especulaciones este mi\u00e9rcoles en punto de las 11 de la ma\u00f1ana, Rub\u00e9n Rocha Moya, gobernador electo de Sinaloa, present\u00f3 oficialmente quienes ser\u00e1n los integrantes de su gabinete, que lo estar\u00e1 acompa\u00f1ando a partir de su toma de protesta este pr\u00f3ximo 31 de octubre. Puntualiz\u00f3, que la conformaci\u00f3n de su gabinete [&hellip;]"}