{"version":"1.0","provider_name":"Mi Ciudad","provider_url":"https:\/\/www.miciudad.mx\/contenido","author_name":"David Uriarte","author_url":"https:\/\/www.miciudad.mx\/contenido\/author\/daviduriarte\/","title":"Pr\u00f3dromo de una epidemia en Sinaloa - Mi Ciudad","type":"rich","width":600,"height":338,"html":"<blockquote class=\"wp-embedded-content\" data-secret=\"pFGKa7VZ6q\"><a href=\"https:\/\/www.miciudad.mx\/contenido\/prodromo-de-una-epidemia-en-sinaloa\/\">Pr\u00f3dromo de una epidemia en Sinaloa<\/a><\/blockquote><iframe sandbox=\"allow-scripts\" security=\"restricted\" src=\"https:\/\/www.miciudad.mx\/contenido\/prodromo-de-una-epidemia-en-sinaloa\/embed\/#?secret=pFGKa7VZ6q\" width=\"600\" height=\"338\" title=\"&#8220;Pr\u00f3dromo de una epidemia en Sinaloa&#8221; &#8212; Mi Ciudad\" data-secret=\"pFGKa7VZ6q\" frameborder=\"0\" marginwidth=\"0\" marginheight=\"0\" scrolling=\"no\" class=\"wp-embedded-content\"><\/iframe><script type=\"text\/javascript\">\n\/* <![CDATA[ *\/\n\/*! This file is auto-generated *\/\n!function(d,l){\"use strict\";l.querySelector&&d.addEventListener&&\"undefined\"!=typeof URL&&(d.wp=d.wp||{},d.wp.receiveEmbedMessage||(d.wp.receiveEmbedMessage=function(e){var t=e.data;if((t||t.secret||t.message||t.value)&&!\/[^a-zA-Z0-9]\/.test(t.secret)){for(var s,r,n,a=l.querySelectorAll('iframe[data-secret=\"'+t.secret+'\"]'),o=l.querySelectorAll('blockquote[data-secret=\"'+t.secret+'\"]'),c=new RegExp(\"^https?:$\",\"i\"),i=0;i<o.length;i++)o[i].style.display=\"none\";for(i=0;i<a.length;i++)s=a[i],e.source===s.contentWindow&&(s.removeAttribute(\"style\"),\"height\"===t.message?(1e3<(r=parseInt(t.value,10))?r=1e3:~~r<200&&(r=200),s.height=r):\"link\"===t.message&&(r=new URL(s.getAttribute(\"src\")),n=new URL(t.value),c.test(n.protocol))&&n.host===r.host&&l.activeElement===s&&(d.top.location.href=t.value))}},d.addEventListener(\"message\",d.wp.receiveEmbedMessage,!1),l.addEventListener(\"DOMContentLoaded\",function(){for(var e,t,s=l.querySelectorAll(\"iframe.wp-embedded-content\"),r=0;r<s.length;r++)(t=(e=s[r]).getAttribute(\"data-secret\"))||(t=Math.random().toString(36).substring(2,12),e.src+=\"#?secret=\"+t,e.setAttribute(\"data-secret\",t)),e.contentWindow.postMessage({message:\"ready\",secret:t},\"*\")},!1)))}(window,document);\n\/\/# sourceURL=https:\/\/www.miciudad.mx\/contenido\/wp-includes\/js\/wp-embed.min.js\n\/* ]]> *\/\n<\/script>\n","thumbnail_url":"https:\/\/www.miciudad.mx\/contenido\/wp-content\/uploads\/2019\/03\/AGUA_MALTRATADA-compressor.jpg","thumbnail_width":1144,"thumbnail_height":645,"description":"Por David Uriarte \/ &nbsp; La sequ\u00eda puede ser el pr\u00f3dromo de una epidemia en Sinaloa. \u201cEl azote de c\u00f3lera fue probablemente el desastre m\u00e1s grande que haya sufrido Culiac\u00e1n en toda su historia\u201d, as\u00ed lo afirma en su libro El C\u00f3lera: enfermedad de la pobreza, el Dr. Rafael Vald\u00e9s Aguilar. Sin duda el agua [&hellip;]"}