{"version":"1.0","provider_name":"Mi Ciudad","provider_url":"https:\/\/www.miciudad.mx\/contenido","author_name":"Mi Ciudad Culiac\u00e1n","author_url":"https:\/\/www.miciudad.mx\/contenido\/author\/redaccionmiciudad\/","title":"Recomiendan rehabilitaci\u00f3n pulmonar como tratamiento post COVID - Mi Ciudad","type":"rich","width":600,"height":338,"html":"<blockquote class=\"wp-embedded-content\" data-secret=\"U6KeNq7OAw\"><a href=\"https:\/\/www.miciudad.mx\/contenido\/recomiendan-rehabilitacion-pulmonar-como-tratamiento-post-covid\/\">Recomiendan rehabilitaci\u00f3n pulmonar como tratamiento post COVID<\/a><\/blockquote><iframe sandbox=\"allow-scripts\" security=\"restricted\" src=\"https:\/\/www.miciudad.mx\/contenido\/recomiendan-rehabilitacion-pulmonar-como-tratamiento-post-covid\/embed\/#?secret=U6KeNq7OAw\" width=\"600\" height=\"338\" title=\"&#8220;Recomiendan rehabilitaci\u00f3n pulmonar como tratamiento post COVID&#8221; &#8212; Mi Ciudad\" data-secret=\"U6KeNq7OAw\" frameborder=\"0\" marginwidth=\"0\" marginheight=\"0\" scrolling=\"no\" class=\"wp-embedded-content\"><\/iframe><script type=\"text\/javascript\">\n\/* <![CDATA[ *\/\n\/*! This file is auto-generated *\/\n!function(d,l){\"use strict\";l.querySelector&&d.addEventListener&&\"undefined\"!=typeof URL&&(d.wp=d.wp||{},d.wp.receiveEmbedMessage||(d.wp.receiveEmbedMessage=function(e){var t=e.data;if((t||t.secret||t.message||t.value)&&!\/[^a-zA-Z0-9]\/.test(t.secret)){for(var s,r,n,a=l.querySelectorAll('iframe[data-secret=\"'+t.secret+'\"]'),o=l.querySelectorAll('blockquote[data-secret=\"'+t.secret+'\"]'),c=new RegExp(\"^https?:$\",\"i\"),i=0;i<o.length;i++)o[i].style.display=\"none\";for(i=0;i<a.length;i++)s=a[i],e.source===s.contentWindow&&(s.removeAttribute(\"style\"),\"height\"===t.message?(1e3<(r=parseInt(t.value,10))?r=1e3:~~r<200&&(r=200),s.height=r):\"link\"===t.message&&(r=new URL(s.getAttribute(\"src\")),n=new URL(t.value),c.test(n.protocol))&&n.host===r.host&&l.activeElement===s&&(d.top.location.href=t.value))}},d.addEventListener(\"message\",d.wp.receiveEmbedMessage,!1),l.addEventListener(\"DOMContentLoaded\",function(){for(var e,t,s=l.querySelectorAll(\"iframe.wp-embedded-content\"),r=0;r<s.length;r++)(t=(e=s[r]).getAttribute(\"data-secret\"))||(t=Math.random().toString(36).substring(2,12),e.src+=\"#?secret=\"+t,e.setAttribute(\"data-secret\",t)),e.contentWindow.postMessage({message:\"ready\",secret:t},\"*\")},!1)))}(window,document);\n\/\/# sourceURL=https:\/\/www.miciudad.mx\/contenido\/wp-includes\/js\/wp-embed.min.js\n\/* ]]> *\/\n<\/script>\n","thumbnail_url":"https:\/\/www.miciudad.mx\/contenido\/wp-content\/uploads\/2022\/01\/Rehab-pulmones-1.jpg","thumbnail_width":640,"thumbnail_height":427,"description":"Luego de haber sufrido COVID-19, ya sea si se fue hospitalizado o se llev\u00f3 en casa la recuperaci\u00f3n, muchos pacientes presentan problemas espec\u00edficos, que incluyen debilidad muscular severa y fatiga, rigidez en las articulaciones, disfagia, problemas neuropsicol\u00f3gicos, problemas respiratorios y problemas de funcionamiento relacionados con la movilidad, por ello es recomendable acudir con un especialista [&hellip;]"}