{"version":"1.0","provider_name":"Mi Ciudad","provider_url":"https:\/\/www.miciudad.mx\/contenido","author_name":"Mi Ciudad Culiac\u00e1n","author_url":"https:\/\/www.miciudad.mx\/contenido\/author\/redaccionmiciudad\/","title":"Siguen abiertas las reinscripciones en Educaci\u00f3n B\u00e1sica: SEPyC - Mi Ciudad","type":"rich","width":600,"height":338,"html":"<blockquote class=\"wp-embedded-content\" data-secret=\"nGeVkVq5fg\"><a href=\"https:\/\/www.miciudad.mx\/contenido\/siguen-abiertas-las-reinscripciones-en-educacion-basica-sepyc\/\">Siguen abiertas las reinscripciones en Educaci\u00f3n B\u00e1sica: SEPyC<\/a><\/blockquote><iframe sandbox=\"allow-scripts\" security=\"restricted\" src=\"https:\/\/www.miciudad.mx\/contenido\/siguen-abiertas-las-reinscripciones-en-educacion-basica-sepyc\/embed\/#?secret=nGeVkVq5fg\" width=\"600\" height=\"338\" title=\"&#8220;Siguen abiertas las reinscripciones en Educaci\u00f3n B\u00e1sica: SEPyC&#8221; &#8212; Mi Ciudad\" data-secret=\"nGeVkVq5fg\" frameborder=\"0\" marginwidth=\"0\" marginheight=\"0\" scrolling=\"no\" class=\"wp-embedded-content\"><\/iframe><script type=\"text\/javascript\">\n\/* <![CDATA[ *\/\n\/*! This file is auto-generated *\/\n!function(d,l){\"use strict\";l.querySelector&&d.addEventListener&&\"undefined\"!=typeof URL&&(d.wp=d.wp||{},d.wp.receiveEmbedMessage||(d.wp.receiveEmbedMessage=function(e){var t=e.data;if((t||t.secret||t.message||t.value)&&!\/[^a-zA-Z0-9]\/.test(t.secret)){for(var s,r,n,a=l.querySelectorAll('iframe[data-secret=\"'+t.secret+'\"]'),o=l.querySelectorAll('blockquote[data-secret=\"'+t.secret+'\"]'),c=new RegExp(\"^https?:$\",\"i\"),i=0;i<o.length;i++)o[i].style.display=\"none\";for(i=0;i<a.length;i++)s=a[i],e.source===s.contentWindow&&(s.removeAttribute(\"style\"),\"height\"===t.message?(1e3<(r=parseInt(t.value,10))?r=1e3:~~r<200&&(r=200),s.height=r):\"link\"===t.message&&(r=new URL(s.getAttribute(\"src\")),n=new URL(t.value),c.test(n.protocol))&&n.host===r.host&&l.activeElement===s&&(d.top.location.href=t.value))}},d.addEventListener(\"message\",d.wp.receiveEmbedMessage,!1),l.addEventListener(\"DOMContentLoaded\",function(){for(var e,t,s=l.querySelectorAll(\"iframe.wp-embedded-content\"),r=0;r<s.length;r++)(t=(e=s[r]).getAttribute(\"data-secret\"))||(t=Math.random().toString(36).substring(2,12),e.src+=\"#?secret=\"+t,e.setAttribute(\"data-secret\",t)),e.contentWindow.postMessage({message:\"ready\",secret:t},\"*\")},!1)))}(window,document);\n\/\/# sourceURL=https:\/\/www.miciudad.mx\/contenido\/wp-includes\/js\/wp-embed.min.js\n\/* ]]> *\/\n<\/script>\n","thumbnail_url":"https:\/\/www.miciudad.mx\/contenido\/wp-content\/uploads\/2025\/09\/WhatsApp-Image-2025-08-29-at-17.53.28.jpeg","thumbnail_width":1280,"thumbnail_height":852,"description":"\u2022 Las y los directores de los planteles siguen incorporando alumnos, la plataforma se cierra el 19 de septiembre \u2022 Arranca segunda fase de la Estrategia de Vida Saludable, se atender\u00e1n 266 mil alumnos A\u00fan est\u00e1 abierta la etapa de reinscripciones al Ciclo Escolar 2025-2026 y se cierran el 19 de septiembre, inform\u00f3 la secretaria [&hellip;]"}