{"version":"1.0","provider_name":"Mi Ciudad","provider_url":"https:\/\/www.miciudad.mx\/contenido","author_name":"Victoria S\u00e1nchez","author_url":"https:\/\/www.miciudad.mx\/contenido\/author\/victoriasanchez\/","title":"Sinaloa participar\u00e1 en la Expo Alimentaria Zacatecas 2019 - Mi Ciudad","type":"rich","width":600,"height":338,"html":"<blockquote class=\"wp-embedded-content\" data-secret=\"2ZVZ5a27SQ\"><a href=\"https:\/\/www.miciudad.mx\/contenido\/sinaloa-participara-en-la-expo-alimentaria-zacatecas-2019\/\">Sinaloa participar\u00e1 en la Expo Alimentaria Zacatecas 2019<\/a><\/blockquote><iframe sandbox=\"allow-scripts\" security=\"restricted\" src=\"https:\/\/www.miciudad.mx\/contenido\/sinaloa-participara-en-la-expo-alimentaria-zacatecas-2019\/embed\/#?secret=2ZVZ5a27SQ\" width=\"600\" height=\"338\" title=\"&#8220;Sinaloa participar\u00e1 en la Expo Alimentaria Zacatecas 2019&#8221; &#8212; Mi Ciudad\" data-secret=\"2ZVZ5a27SQ\" frameborder=\"0\" marginwidth=\"0\" marginheight=\"0\" scrolling=\"no\" class=\"wp-embedded-content\"><\/iframe><script type=\"text\/javascript\">\n\/* <![CDATA[ *\/\n\/*! This file is auto-generated *\/\n!function(d,l){\"use strict\";l.querySelector&&d.addEventListener&&\"undefined\"!=typeof URL&&(d.wp=d.wp||{},d.wp.receiveEmbedMessage||(d.wp.receiveEmbedMessage=function(e){var t=e.data;if((t||t.secret||t.message||t.value)&&!\/[^a-zA-Z0-9]\/.test(t.secret)){for(var s,r,n,a=l.querySelectorAll('iframe[data-secret=\"'+t.secret+'\"]'),o=l.querySelectorAll('blockquote[data-secret=\"'+t.secret+'\"]'),c=new RegExp(\"^https?:$\",\"i\"),i=0;i<o.length;i++)o[i].style.display=\"none\";for(i=0;i<a.length;i++)s=a[i],e.source===s.contentWindow&&(s.removeAttribute(\"style\"),\"height\"===t.message?(1e3<(r=parseInt(t.value,10))?r=1e3:~~r<200&&(r=200),s.height=r):\"link\"===t.message&&(r=new URL(s.getAttribute(\"src\")),n=new URL(t.value),c.test(n.protocol))&&n.host===r.host&&l.activeElement===s&&(d.top.location.href=t.value))}},d.addEventListener(\"message\",d.wp.receiveEmbedMessage,!1),l.addEventListener(\"DOMContentLoaded\",function(){for(var e,t,s=l.querySelectorAll(\"iframe.wp-embedded-content\"),r=0;r<s.length;r++)(t=(e=s[r]).getAttribute(\"data-secret\"))||(t=Math.random().toString(36).substring(2,12),e.src+=\"#?secret=\"+t,e.setAttribute(\"data-secret\",t)),e.contentWindow.postMessage({message:\"ready\",secret:t},\"*\")},!1)))}(window,document);\n\/\/# sourceURL=https:\/\/www.miciudad.mx\/contenido\/wp-includes\/js\/wp-embed.min.js\n\/* ]]> *\/\n<\/script>\n","thumbnail_url":"https:\/\/www.miciudad.mx\/contenido\/wp-content\/uploads\/2019\/08\/IMG-20190819-WA0018.jpg","thumbnail_width":910,"thumbnail_height":802,"description":"Se har\u00e1 promoci\u00f3n a diferentes cultivos como ma\u00edz, garbanzo y cacahuate Sinaloa participar\u00e1 como invitado especial en la Expo Alimentaria Zacatecas 2019, escaparate que se aprovechar\u00e1 para difundir diversos productos agropecuarios de la entidad. Carolina S\u00e1nchez Arredondo, directora de Promoci\u00f3n Comercial, de la Secretar\u00eda de Agricultura y Ganader\u00eda, inform\u00f3 que del 22 al 24 de [&hellip;]"}