{"version":"1.0","provider_name":"Mi Ciudad","provider_url":"https:\/\/www.miciudad.mx\/contenido","author_name":"Mi Ciudad","author_url":"https:\/\/www.miciudad.mx\/contenido\/author\/admin\/","title":"Sinaloa regresa al sem\u00e1foro amarillo: Ssa - Mi Ciudad","type":"rich","width":600,"height":338,"html":"<blockquote class=\"wp-embedded-content\" data-secret=\"hv4vUOEXYy\"><a href=\"https:\/\/www.miciudad.mx\/contenido\/sinaloa-regresa-al-semaforo-amarillo-ssa\/\">Sinaloa regresa al sem\u00e1foro amarillo: Ssa<\/a><\/blockquote><iframe sandbox=\"allow-scripts\" security=\"restricted\" src=\"https:\/\/www.miciudad.mx\/contenido\/sinaloa-regresa-al-semaforo-amarillo-ssa\/embed\/#?secret=hv4vUOEXYy\" width=\"600\" height=\"338\" title=\"&#8220;Sinaloa regresa al sem\u00e1foro amarillo: Ssa&#8221; &#8212; Mi Ciudad\" data-secret=\"hv4vUOEXYy\" frameborder=\"0\" marginwidth=\"0\" marginheight=\"0\" scrolling=\"no\" class=\"wp-embedded-content\"><\/iframe><script type=\"text\/javascript\">\n\/* <![CDATA[ *\/\n\/*! This file is auto-generated *\/\n!function(d,l){\"use strict\";l.querySelector&&d.addEventListener&&\"undefined\"!=typeof URL&&(d.wp=d.wp||{},d.wp.receiveEmbedMessage||(d.wp.receiveEmbedMessage=function(e){var t=e.data;if((t||t.secret||t.message||t.value)&&!\/[^a-zA-Z0-9]\/.test(t.secret)){for(var s,r,n,a=l.querySelectorAll('iframe[data-secret=\"'+t.secret+'\"]'),o=l.querySelectorAll('blockquote[data-secret=\"'+t.secret+'\"]'),c=new RegExp(\"^https?:$\",\"i\"),i=0;i<o.length;i++)o[i].style.display=\"none\";for(i=0;i<a.length;i++)s=a[i],e.source===s.contentWindow&&(s.removeAttribute(\"style\"),\"height\"===t.message?(1e3<(r=parseInt(t.value,10))?r=1e3:~~r<200&&(r=200),s.height=r):\"link\"===t.message&&(r=new URL(s.getAttribute(\"src\")),n=new URL(t.value),c.test(n.protocol))&&n.host===r.host&&l.activeElement===s&&(d.top.location.href=t.value))}},d.addEventListener(\"message\",d.wp.receiveEmbedMessage,!1),l.addEventListener(\"DOMContentLoaded\",function(){for(var e,t,s=l.querySelectorAll(\"iframe.wp-embedded-content\"),r=0;r<s.length;r++)(t=(e=s[r]).getAttribute(\"data-secret\"))||(t=Math.random().toString(36).substring(2,12),e.src+=\"#?secret=\"+t,e.setAttribute(\"data-secret\",t)),e.contentWindow.postMessage({message:\"ready\",secret:t},\"*\")},!1)))}(window,document);\n\/\/# sourceURL=https:\/\/www.miciudad.mx\/contenido\/wp-includes\/js\/wp-embed.min.js\n\/* ]]> *\/\n<\/script>\n","thumbnail_url":"https:\/\/www.miciudad.mx\/contenido\/wp-content\/uploads\/2020\/10\/878168f3-391e-43ad-9991-deb8cda3a53f.jpg","thumbnail_width":1280,"thumbnail_height":960,"description":"La Secretar\u00eda de Salud Federal inform\u00f3 que despu\u00e9s de revisar los \u00edndices de mortalidad y ocupaci\u00f3n de camas se regresa al estado a color amarillo Despu\u00e9s de una consideraci\u00f3n por parte de la Secretar\u00eda de Salud Federal en los indicadores tomados en cuenta para el Sem\u00e1foro Epidemiol\u00f3gico de Covid 19 de M\u00e9xico, el estado de [&hellip;]"}