{"version":"1.0","provider_name":"Mi Ciudad","provider_url":"https:\/\/www.miciudad.mx\/contenido","author_name":"David Uriarte","author_url":"https:\/\/www.miciudad.mx\/contenido\/author\/daviduriarte\/","title":"Sobrevivencia de la Central de Abastos en Culiac\u00e1n - Mi Ciudad","type":"rich","width":600,"height":338,"html":"<blockquote class=\"wp-embedded-content\" data-secret=\"vYJ2LpLyIk\"><a href=\"https:\/\/www.miciudad.mx\/contenido\/sobrevivencia-de-la-central-de-abastos-en-culiacan\/\">Sobrevivencia de la Central de Abastos en Culiac\u00e1n<\/a><\/blockquote><iframe sandbox=\"allow-scripts\" security=\"restricted\" src=\"https:\/\/www.miciudad.mx\/contenido\/sobrevivencia-de-la-central-de-abastos-en-culiacan\/embed\/#?secret=vYJ2LpLyIk\" width=\"600\" height=\"338\" title=\"&#8220;Sobrevivencia de la Central de Abastos en Culiac\u00e1n&#8221; &#8212; Mi Ciudad\" data-secret=\"vYJ2LpLyIk\" frameborder=\"0\" marginwidth=\"0\" marginheight=\"0\" scrolling=\"no\" class=\"wp-embedded-content\"><\/iframe><script type=\"text\/javascript\">\n\/* <![CDATA[ *\/\n\/*! This file is auto-generated *\/\n!function(d,l){\"use strict\";l.querySelector&&d.addEventListener&&\"undefined\"!=typeof URL&&(d.wp=d.wp||{},d.wp.receiveEmbedMessage||(d.wp.receiveEmbedMessage=function(e){var t=e.data;if((t||t.secret||t.message||t.value)&&!\/[^a-zA-Z0-9]\/.test(t.secret)){for(var s,r,n,a=l.querySelectorAll('iframe[data-secret=\"'+t.secret+'\"]'),o=l.querySelectorAll('blockquote[data-secret=\"'+t.secret+'\"]'),c=new RegExp(\"^https?:$\",\"i\"),i=0;i<o.length;i++)o[i].style.display=\"none\";for(i=0;i<a.length;i++)s=a[i],e.source===s.contentWindow&&(s.removeAttribute(\"style\"),\"height\"===t.message?(1e3<(r=parseInt(t.value,10))?r=1e3:~~r<200&&(r=200),s.height=r):\"link\"===t.message&&(r=new URL(s.getAttribute(\"src\")),n=new URL(t.value),c.test(n.protocol))&&n.host===r.host&&l.activeElement===s&&(d.top.location.href=t.value))}},d.addEventListener(\"message\",d.wp.receiveEmbedMessage,!1),l.addEventListener(\"DOMContentLoaded\",function(){for(var e,t,s=l.querySelectorAll(\"iframe.wp-embedded-content\"),r=0;r<s.length;r++)(t=(e=s[r]).getAttribute(\"data-secret\"))||(t=Math.random().toString(36).substring(2,12),e.src+=\"#?secret=\"+t,e.setAttribute(\"data-secret\",t)),e.contentWindow.postMessage({message:\"ready\",secret:t},\"*\")},!1)))}(window,document);\n\/\/# sourceURL=https:\/\/www.miciudad.mx\/contenido\/wp-includes\/js\/wp-embed.min.js\n\/* ]]> *\/\n<\/script>\n","thumbnail_url":"https:\/\/www.miciudad.mx\/contenido\/wp-content\/uploads\/2023\/06\/WhatsApp-Image-2023-06-28-at-16.50.43.jpeg","thumbnail_width":1600,"thumbnail_height":1200,"description":"Por David Uriarte \/ La cuna del comercio alimenticio en Culiac\u00e1n y municipios circunvecinos es la Central de Abastos de Culiac\u00e1n. En su momento fue un polo de desarrollo econ\u00f3mico, hoy la sobrevivencia es el sello que los distingue, un giro comercial que oferta m\u00faltiples productos y servicios, un mercado que satisface la demanda b\u00e1sica [&hellip;]"}