{"version":"1.0","provider_name":"Mi Ciudad","provider_url":"https:\/\/www.miciudad.mx\/contenido","author_name":"David Uriarte","author_url":"https:\/\/www.miciudad.mx\/contenido\/author\/daviduriarte\/","title":"Vitaminan a Chuy Vald\u00e9s - Mi Ciudad","type":"rich","width":600,"height":338,"html":"<blockquote class=\"wp-embedded-content\" data-secret=\"jIqcIInqjh\"><a href=\"https:\/\/www.miciudad.mx\/contenido\/vitaminan-a-chuy-valdes\/\">Vitaminan a Chuy Vald\u00e9s<\/a><\/blockquote><iframe sandbox=\"allow-scripts\" security=\"restricted\" src=\"https:\/\/www.miciudad.mx\/contenido\/vitaminan-a-chuy-valdes\/embed\/#?secret=jIqcIInqjh\" width=\"600\" height=\"338\" title=\"&#8220;Vitaminan a Chuy Vald\u00e9s&#8221; &#8212; Mi Ciudad\" data-secret=\"jIqcIInqjh\" frameborder=\"0\" marginwidth=\"0\" marginheight=\"0\" scrolling=\"no\" class=\"wp-embedded-content\"><\/iframe><script type=\"text\/javascript\">\n\/* <![CDATA[ *\/\n\/*! This file is auto-generated *\/\n!function(d,l){\"use strict\";l.querySelector&&d.addEventListener&&\"undefined\"!=typeof URL&&(d.wp=d.wp||{},d.wp.receiveEmbedMessage||(d.wp.receiveEmbedMessage=function(e){var t=e.data;if((t||t.secret||t.message||t.value)&&!\/[^a-zA-Z0-9]\/.test(t.secret)){for(var s,r,n,a=l.querySelectorAll('iframe[data-secret=\"'+t.secret+'\"]'),o=l.querySelectorAll('blockquote[data-secret=\"'+t.secret+'\"]'),c=new RegExp(\"^https?:$\",\"i\"),i=0;i<o.length;i++)o[i].style.display=\"none\";for(i=0;i<a.length;i++)s=a[i],e.source===s.contentWindow&&(s.removeAttribute(\"style\"),\"height\"===t.message?(1e3<(r=parseInt(t.value,10))?r=1e3:~~r<200&&(r=200),s.height=r):\"link\"===t.message&&(r=new URL(s.getAttribute(\"src\")),n=new URL(t.value),c.test(n.protocol))&&n.host===r.host&&l.activeElement===s&&(d.top.location.href=t.value))}},d.addEventListener(\"message\",d.wp.receiveEmbedMessage,!1),l.addEventListener(\"DOMContentLoaded\",function(){for(var e,t,s=l.querySelectorAll(\"iframe.wp-embedded-content\"),r=0;r<s.length;r++)(t=(e=s[r]).getAttribute(\"data-secret\"))||(t=Math.random().toString(36).substring(2,12),e.src+=\"#?secret=\"+t,e.setAttribute(\"data-secret\",t)),e.contentWindow.postMessage({message:\"ready\",secret:t},\"*\")},!1)))}(window,document);\n\/\/# sourceURL=https:\/\/www.miciudad.mx\/contenido\/wp-includes\/js\/wp-embed.min.js\n\/* ]]> *\/\n<\/script>\n","thumbnail_url":"https:\/\/www.miciudad.mx\/contenido\/wp-content\/uploads\/2019\/09\/PRI_JESUS_ALITO.jpg","thumbnail_width":1280,"thumbnail_height":853,"description":"Por David Uriarte \/\u00a0 &nbsp; Justo el d\u00eda que te\u00f3ricamente muere el Pr\u00edncipe de la canci\u00f3n, Jos\u00e9 Jos\u00e9, Jes\u00fas Antonio Vald\u00e9s Palazuelos presidente del Comit\u00e9 Directivo Estatal del PRI, se toma la p\u00f3cima que le dan el gobernador de Sinaloa, Quirino Ordaz; Alejandro Moreno, presidente del Comit\u00e9 Ejecutivo Nacional del PRI; Miguel \u00c1ngel Osorio Chong, [&hellip;]"}